{"id":5437,"date":"2026-02-24T21:20:06","date_gmt":"2026-02-24T20:20:06","guid":{"rendered":"https:\/\/theonestate.com\/services\/vente-et-location-de-biens-immobiliers\/"},"modified":"2026-05-27T17:48:58","modified_gmt":"2026-05-27T15:48:58","slug":"vente-et-location-de-biens-immobiliers","status":"publish","type":"page","link":"https:\/\/theonestate.com\/fr\/services\/vente-et-location-de-biens-immobiliers\/","title":{"rendered":"Vente et location de biens immobiliers"},"content":{"rendered":"\n<div class=\"gbp-section gb-element-287415c8\">\n<div class=\"gb-element-75068948\"><div class=\"yoast-breadcrumbs\"><span><span><a href=\"https:\/\/theonestate.com\/fr\/\">Accueil<\/a><\/span> &gt; <span><a href=\"https:\/\/theonestate.com\/fr\/services\/\">Services<\/a><\/span> &gt; <span class=\"breadcrumb_last\" aria-current=\"page\">Vente et location de biens immobiliers<\/span><\/span><\/div><\/div>\n\n\n\n<img decoding=\"async\" width=\"1902\" height=\"933\" class=\"gb-media-96da2bdf\" alt=\"\" title=\"bn-conseil\" src=\"https:\/\/theonestate.com\/wp-content\/uploads\/2026\/02\/bn-asesoria.jpg\" srcset=\"https:\/\/theonestate.com\/wp-content\/uploads\/2026\/02\/bn-asesoria.jpg 1902w, https:\/\/theonestate.com\/wp-content\/uploads\/2026\/02\/bn-asesoria-300x147.jpg 300w, https:\/\/theonestate.com\/wp-content\/uploads\/2026\/02\/bn-asesoria-1024x502.jpg 1024w, https:\/\/theonestate.com\/wp-content\/uploads\/2026\/02\/bn-asesoria-768x377.jpg 768w, https:\/\/theonestate.com\/wp-content\/uploads\/2026\/02\/bn-asesoria-1536x753.jpg 1536w\" sizes=\"(max-width: 1902px) 100vw, 1902px\" \/>\n\n\n\n<div class=\"gb-element-1881186c texto-intro-servicio\">\n<h1 class=\"gb-text gb-text-37fb0b35\">VENTE ET LOCATION DE PROPRI\u00c9T\u00c9S EXCLUSIVES SUR LA COSTA BRAVA<\/h1>\n\n\n\n<p class=\"gb-text gb-text-d4a9ab5d\">Nous avons un catalogue avec notre meilleure s\u00e9lection de propri\u00e9t\u00e9s \u00e0 vendre et \u00e0 louer dans la r\u00e9gion.<\/p>\n<\/div>\n\n\n\n<div class=\"gb-element-f05533a0 texto-intro-servicio\">\n<div class=\"wp-block-columns is-layout-flex wp-container-core-columns-is-layout-8f761849 wp-block-columns-is-layout-flex\">\n<div class=\"wp-block-column is-layout-flow wp-block-column-is-layout-flow\">\n<p class=\"has-text-align-center wp-block-paragraph\">Nous vous proposons une s\u00e9lection de propri\u00e9t\u00e9s dans l&rsquo;Empord\u00e0, aussi bien pour l&rsquo;achat de votre r\u00e9sidence secondaire ou permanente que pour la location saisonni\u00e8re.<br\/>Notre \u00e9quipe accompagne tout le processus immobilier avec une approche discr\u00e8te et personnalis\u00e9e.<\/p>\n\n\n\n<p class=\"wp-block-paragraph\"><strong><a href=\"https:\/\/theonestate.com\/fr\/?page_id=5437#footer\">Contactez nous<\/a><\/strong><\/p>\n<\/div>\n<\/div>\n<\/div>\n<\/div>\n\n<div class=\"services-section gb-element-1dcb2fe8\">\n<div class=\"gb-element-591f02bf\">\n<div class=\"gb-element-949d3517\">\n<h2 class=\"gb-text gb-text-36ef5858\">Nos services<\/h2>\n\n\n\n<h2 class=\"gb-text gb-text-b2342ea5\">on<\/h2>\n<\/div>\n\n\n\n<div class=\"gb-carousel site-carousel services-carousel gb-carousel-907b5b71\" data-space-between=\"0px\" data-pagination-clickable=\"false\" data-pagination-type=\"bullets\" data-slides-per-view=\"6\" data-autoplay-stop-on-last-slide=\"true\" data-carousel-id=\"907b5b71\">\n<div class=\"gb-carousel-items\">\n<div class=\"gb-carousel-item gb-carousel-item-35eb325f\">\n<a class=\"item gb-element-a352d12c\" href=\"https:\/\/theonestate.com\/servicios\/asesoria-inmobiliaria-costa-brava-the-on-estate\/\">\n<div class=\"gb-element-219bee18\">\n<img decoding=\"async\" class=\"gb-media-86b41a23\" alt=\"\" title=\"ic\u00f4ne-main\" src=\"https:\/\/spcdn.shortpixel.ai\/spio\/ret_img,q_cdnize,to_webp,s_webp\/theonestate.com\/wp-content\/uploads\/2026\/02\/icon-hand.svg\">\n<\/div>\n\n\n\n<h3 class=\"gb-text gb-text-d73efb7f\">Conseil en immobilier<\/h3>\n<\/a>\n<\/div>\n\n\n\n<div class=\"gb-carousel-item gb-carousel-item-e159218a\">\n<a class=\"item gb-element-2622c119\" href=\"https:\/\/theonestate.com\/servicios\/gestion-de-propiedades-costa-brava-the-on-estate\/\">\n<div class=\"gb-element-9efd057e\">\n<img decoding=\"async\" class=\"gb-media-ec4e4a7d\" alt=\"\" title=\"icon-keys&lt;br\/&gt;\" src=\"https:\/\/spcdn.shortpixel.ai\/spio\/ret_img,q_cdnize,to_webp,s_webp\/theonestate.com\/wp-content\/uploads\/2026\/02\/icon-keys.svg\">\n<\/div>\n\n\n\n<h3 class=\"gb-text gb-text-25da94cc\">GESTION DES PROPRI\u00c9T\u00c9S<br\/><\/h3>\n<\/a>\n<\/div>\n\n\n\n<div class=\"gb-carousel-item gb-carousel-item-bf85974e\">\n<a class=\"item gb-element-4b22550d\" href=\"https:\/\/theonestate.com\/servicios\/venta-y-alquiler-de-propiedades-costa-brava-the-on-estate\/\">\n<div class=\"gb-element-d78a6614\">\n<img decoding=\"async\" class=\"gb-media-874412ea\" alt=\"\" title=\"ic\u00f4ne-mansion\" src=\"https:\/\/spcdn.shortpixel.ai\/spio\/ret_img,q_cdnize,to_webp,s_webp\/theonestate.com\/wp-content\/uploads\/2026\/02\/icon-mansion.svg\">\n<\/div>\n\n\n\n<h3 class=\"gb-text gb-text-954f3548\">LOCATION ET VENTE<br\/>DE BIENS IMMOBILIERS<\/h3>\n<\/a>\n<\/div>\n\n\n\n<div class=\"gb-carousel-item gb-carousel-item-573c2358\">\n<a class=\"gb-element-4b765107\" href=\"https:\/\/theonestate.com\/concierge-costa-brava\/\">\n<div class=\"gb-element-ec10364f\">\n<img decoding=\"async\" class=\"gb-media-1a83951d\" alt=\"\" title=\"ic\u00f4ne-cloche\" src=\"https:\/\/spcdn.shortpixel.ai\/spio\/ret_img,q_cdnize,to_webp,s_webp\/theonestate.com\/wp-content\/uploads\/2026\/02\/icon-bell.svg\">\n<\/div>\n\n\n\n<h3 class=\"gb-text gb-text-67411e4d\">SERVICES D&rsquo;ACCUEIL ET DE STYLE DE VIE<\/h3>\n<\/a>\n<\/div>\n\n\n\n<div class=\"gb-carousel-item gb-carousel-item-cd33afba\">\n<a class=\"item gb-element-88a113db\" href=\"https:\/\/theonestate.com\/servicios\/rehabilitacion-y-reformas-de-propiedades-costa-brava-the-on-estate\/\">\n<div class=\"gb-element-d8dd05fa\">\n<img decoding=\"async\" class=\"gb-media-eb76357d\" alt=\"\" title=\"outils-ic\u00f4nes\" src=\"https:\/\/spcdn.shortpixel.ai\/spio\/ret_img,q_cdnize,to_webp,s_webp\/theonestate.com\/wp-content\/uploads\/2026\/02\/icon-tools.svg\">\n<\/div>\n\n\n\n<h3 class=\"gb-text gb-text-38bd1040\"><strong>R\u00c9NOVATION <\/strong><strong>ET DESIGN<\/strong><\/h3>\n<\/a>\n<\/div>\n\n\n\n<div class=\"gb-carousel-item gb-carousel-item-31c6852e\">\n<a class=\"item gb-element-3e4f0550\" href=\"https:\/\/theonestate.com\/servicios\/administracion-y-gestion-inmobiliaria-costa-brava\/\">\n<div class=\"gb-element-77b7a56c\">\n<img decoding=\"async\" class=\"gb-media-24718179\" alt=\"\" title=\"ico-typographe\" src=\"https:\/\/spcdn.shortpixel.ai\/spio\/ret_img,q_cdnize,to_webp,s_webp\/theonestate.com\/wp-content\/uploads\/2026\/02\/ico-typewriter.svg\">\n<\/div>\n\n\n\n<h3 class=\"gb-text gb-text-44747871\"><strong>ADMINISTRATION <\/strong><br\/><strong>ET GESTION <\/strong><\/h3>\n<\/a>\n<\/div>\n<\/div>\n\n\n\n<div class=\"gb-element-077f999a\">\n<button aria-label=\"Previous slide\" class=\"gb-carousel-control gb-carousel-control-91eacd33 gb-carousel-control--previous\" data-carousel-control=\"prev\"><span class=\"gb-carousel-control-icon\"><svg viewbox=\"0 0 256 256\" fill=\"currentColor\"><path d=\"M165.66,202.34a8,8,0,0,1-11.32,11.32l-80-80a8,8,0,0,1,0-11.32l80-80a8,8,0,0,1,11.32,11.32L91.31,128Z\"><\/path><\/svg><\/span><\/button>\n\n\n\n<button aria-label=\"Next slide\" class=\"gb-carousel-control gb-carousel-control-9818b405 gb-carousel-control--next\" data-carousel-control=\"next\"><span class=\"gb-carousel-control-icon\"><svg viewbox=\"0 0 256 256\" fill=\"currentColor\"><path d=\"M181.66,133.66l-80,80a8,8,0,0,1-11.32-11.32L164.69,128,90.34,53.66a8,8,0,0,1,11.32-11.32l80,80A8,8,0,0,1,181.66,133.66Z\"><\/path><\/svg><\/span><\/button>\n<\/div>\n<\/div>\n<\/div>\n<\/div>\n\n<div class=\"downloads-block gb-element-929e924b\">\n<div class=\"gb-element-9aaf96d4\">\n<div class=\"gb-carousel site-carousel gb-carousel-bb95c0e4\" data-space-between=\"34px\" data-slides-per-view=\"2\" data-loop=\"true\" data-carousel-id=\"bb95c0e4\">\n<div class=\"gb-carousel-items\">\n<div class=\"gb-carousel-item gb-carousel-item-4a886367 popmake-2980\">\n<div class=\"popmake-2980 gb-element-cf79473d\">\n<h3 class=\"gb-text gb-text-0101ff25\">T\u00c9L\u00c9CHARGER<\/h3>\n\n\n\n<div class=\"gb-element-842870d3\">\n<p class=\"gb-text gb-text-fed65881\">Tout ce que vous devez savoir pour acheter une propri\u00e9t\u00e9 exclusive sur la Costa Brava.<\/p>\n\n\n\n<p class=\"gb-text gb-text-25545b38\">On<\/p>\n<\/div>\n<\/div>\n<\/div>\n\n\n\n<div class=\"gb-carousel-item gb-carousel-item-731228a6 popmake-2991\">\n<div class=\"popmake-2991 gb-element-c6af9783\">\n<h3 class=\"gb-text gb-text-165c0289\">T\u00c9L\u00c9CHARGER<\/h3>\n\n\n\n<div class=\"gb-element-c3ef1be5\">\n<p class=\"gb-text gb-text-f533651a\">Comment planifier ma tranquillit\u00e9<br\/>et avoir<br\/>l&rsquo;esprit serein pendant mes vacances<br\/>sur la Costa Brava.<\/p>\n\n\n\n<p class=\"gb-text gb-text-b1a93ab3\">On<\/p>\n<\/div>\n<\/div>\n<\/div>\n\n\n<\/div>\n\n\n<\/div>\n<\/div>\n<\/div>\n","protected":false},"excerpt":{"rendered":"<p>VENTE ET LOCATION DE PROPRI\u00c9T\u00c9S EXCLUSIVES SUR LA COSTA BRAVA Nous avons un catalogue avec notre meilleure s\u00e9lection de propri\u00e9t\u00e9s \u00e0 vendre et \u00e0 louer dans la r\u00e9gion. Nous vous proposons une s\u00e9lection de propri\u00e9t\u00e9s dans l&rsquo;Empord\u00e0, aussi bien pour l&rsquo;achat de votre r\u00e9sidence secondaire ou permanente que pour la location saisonni\u00e8re.Notre \u00e9quipe accompagne tout &#8230; <a title=\"Vente et location de biens immobiliers\" class=\"read-more\" href=\"https:\/\/theonestate.com\/fr\/services\/vente-et-location-de-biens-immobiliers\/\" aria-label=\"En savoir plus sur Vente et location de biens immobiliers\">Lire la suite<\/a><\/p>\n","protected":false},"author":3,"featured_media":0,"parent":5374,"menu_order":0,"comment_status":"closed","ping_status":"closed","template":"","meta":{"_acf_changed":false,"footnotes":""},"class_list":["post-5437","page","type-page","status-publish"],"acf":[],"yoast_head":"<!-- This site is optimized with the Yoast SEO plugin v28.3 - https:\/\/yoast.com\/product\/yoast-seo-wordpress\/ -->\n<title>Propri\u00e9t\u00e9s \u00e0 vendre et \u00e0 louer Costa Brava | The On Estate<\/title>\n<meta name=\"description\" content=\"Propri\u00e9t\u00e9s exclusives \u00e0 vendre et \u00e0 louer sur la Costa Brava. Une s\u00e9lection soign\u00e9e dans l&#039;Empord\u00e0 avec un accompagnement discret et judicieux.\" \/>\n<meta name=\"robots\" content=\"index, follow, max-snippet:-1, max-image-preview:large, max-video-preview:-1\" \/>\n<link rel=\"canonical\" href=\"https:\/\/theonestate.com\/fr\/services\/vente-et-location-de-biens-immobiliers\/\" \/>\n<meta property=\"og:locale\" content=\"fr_FR\" \/>\n<meta property=\"og:type\" content=\"article\" \/>\n<meta property=\"og:title\" content=\"Propri\u00e9t\u00e9s \u00e0 vendre et \u00e0 louer Costa Brava | The On Estate\" \/>\n<meta property=\"og:description\" content=\"Propri\u00e9t\u00e9s exclusives \u00e0 vendre et \u00e0 louer sur la Costa Brava. Une s\u00e9lection soign\u00e9e dans l&#039;Empord\u00e0 avec un accompagnement discret et judicieux.\" \/>\n<meta property=\"og:url\" content=\"https:\/\/theonestate.com\/fr\/services\/vente-et-location-de-biens-immobiliers\/\" \/>\n<meta property=\"og:site_name\" content=\"Theonestate\" \/>\n<meta property=\"article:modified_time\" content=\"2026-05-27T15:48:58+00:00\" \/>\n<meta property=\"og:image\" content=\"https:\/\/theonestate.com\/wp-content\/uploads\/2026\/02\/bn-asesoria.jpg\" \/>\n<meta name=\"twitter:card\" content=\"summary_large_image\" \/>\n<script type=\"application\/ld+json\" class=\"yoast-schema-graph\">{\"@context\":\"https:\\\/\\\/schema.org\",\"@graph\":[{\"@type\":\"WebPage\",\"@id\":\"https:\\\/\\\/theonestate.com\\\/fr\\\/services\\\/vente-et-location-de-biens-immobiliers\\\/\",\"url\":\"https:\\\/\\\/theonestate.com\\\/fr\\\/services\\\/vente-et-location-de-biens-immobiliers\\\/\",\"name\":\"Propri\u00e9t\u00e9s \u00e0 vendre et \u00e0 louer Costa Brava | The On Estate\",\"isPartOf\":{\"@id\":\"https:\\\/\\\/theonestate.com\\\/#website\"},\"primaryImageOfPage\":{\"@id\":\"https:\\\/\\\/theonestate.com\\\/fr\\\/services\\\/vente-et-location-de-biens-immobiliers\\\/#primaryimage\"},\"image\":{\"@id\":\"https:\\\/\\\/theonestate.com\\\/fr\\\/services\\\/vente-et-location-de-biens-immobiliers\\\/#primaryimage\"},\"thumbnailUrl\":\"https:\\\/\\\/theonestate.com\\\/wp-content\\\/uploads\\\/2026\\\/02\\\/bn-asesoria.jpg\",\"datePublished\":\"2026-02-24T20:20:06+00:00\",\"dateModified\":\"2026-05-27T15:48:58+00:00\",\"description\":\"Propri\u00e9t\u00e9s exclusives \u00e0 vendre et \u00e0 louer sur la Costa Brava. Une s\u00e9lection soign\u00e9e dans l'Empord\u00e0 avec un accompagnement discret et judicieux.\",\"breadcrumb\":{\"@id\":\"https:\\\/\\\/theonestate.com\\\/fr\\\/services\\\/vente-et-location-de-biens-immobiliers\\\/#breadcrumb\"},\"inLanguage\":\"fr-FR\",\"potentialAction\":[{\"@type\":\"ReadAction\",\"target\":[\"https:\\\/\\\/theonestate.com\\\/fr\\\/services\\\/vente-et-location-de-biens-immobiliers\\\/\"]}]},{\"@type\":\"ImageObject\",\"inLanguage\":\"fr-FR\",\"@id\":\"https:\\\/\\\/theonestate.com\\\/fr\\\/services\\\/vente-et-location-de-biens-immobiliers\\\/#primaryimage\",\"url\":\"https:\\\/\\\/theonestate.com\\\/wp-content\\\/uploads\\\/2026\\\/02\\\/bn-asesoria.jpg\",\"contentUrl\":\"https:\\\/\\\/theonestate.com\\\/wp-content\\\/uploads\\\/2026\\\/02\\\/bn-asesoria.jpg\"},{\"@type\":\"BreadcrumbList\",\"@id\":\"https:\\\/\\\/theonestate.com\\\/fr\\\/services\\\/vente-et-location-de-biens-immobiliers\\\/#breadcrumb\",\"itemListElement\":[{\"@type\":\"ListItem\",\"position\":1,\"name\":\"Accueil\",\"item\":\"https:\\\/\\\/theonestate.com\\\/fr\\\/\"},{\"@type\":\"ListItem\",\"position\":2,\"name\":\"Services\",\"item\":\"https:\\\/\\\/theonestate.com\\\/fr\\\/services\\\/\"},{\"@type\":\"ListItem\",\"position\":3,\"name\":\"Vente et location de biens immobiliers\"}]},{\"@type\":\"WebSite\",\"@id\":\"https:\\\/\\\/theonestate.com\\\/#website\",\"url\":\"https:\\\/\\\/theonestate.com\\\/\",\"name\":\"The On Estate\",\"description\":\"Inmobiliaria de lujo en la Costa Brava (Girona, Espa\u00f1a). Venta, alquiler, gesti\u00f3n y rehabilitaci\u00f3n de propiedades exclusivas, incluyendo acceso a una colecci\u00f3n privada de propiedades off-market.\",\"publisher\":{\"@id\":\"https:\\\/\\\/theonestate.com\\\/#organization\"},\"alternateName\":\"The On Estate\",\"potentialAction\":[{\"@type\":\"SearchAction\",\"target\":{\"@type\":\"EntryPoint\",\"urlTemplate\":\"https:\\\/\\\/theonestate.com\\\/?s={search_term_string}\"},\"query-input\":{\"@type\":\"PropertyValueSpecification\",\"valueRequired\":true,\"valueName\":\"search_term_string\"}}],\"inLanguage\":\"fr-FR\"},{\"@type\":\"Organization\",\"@id\":\"https:\\\/\\\/theonestate.com\\\/#organization\",\"name\":\"The On Estate\",\"url\":\"https:\\\/\\\/theonestate.com\\\/\",\"logo\":{\"@type\":\"ImageObject\",\"inLanguage\":\"fr-FR\",\"@id\":\"https:\\\/\\\/theonestate.com\\\/#\\\/schema\\\/logo\\\/image\\\/\",\"url\":\"https:\\\/\\\/theonestate.com\\\/wp-content\\\/uploads\\\/2026\\\/01\\\/cropped-logotipo_theonestate-1.png\",\"contentUrl\":\"https:\\\/\\\/theonestate.com\\\/wp-content\\\/uploads\\\/2026\\\/01\\\/cropped-logotipo_theonestate-1.png\",\"width\":500,\"height\":500,\"caption\":\"The On Estate\"},\"image\":{\"@id\":\"https:\\\/\\\/theonestate.com\\\/#\\\/schema\\\/logo\\\/image\\\/\"},\"sameAs\":[\"https:\\\/\\\/www.instagram.com\\\/the_on_estate\\\/\",\"https:\\\/\\\/es.linkedin.com\\\/company\\\/the-on-estate\"]}]}<\/script>\n<!-- \/ Yoast SEO plugin. -->","yoast_head_json":{"title":"Propri\u00e9t\u00e9s \u00e0 vendre et \u00e0 louer Costa Brava | The On Estate","description":"Propri\u00e9t\u00e9s exclusives \u00e0 vendre et \u00e0 louer sur la Costa Brava. Une s\u00e9lection soign\u00e9e dans l'Empord\u00e0 avec un accompagnement discret et judicieux.","robots":{"index":"index","follow":"follow","max-snippet":"max-snippet:-1","max-image-preview":"max-image-preview:large","max-video-preview":"max-video-preview:-1"},"canonical":"https:\/\/theonestate.com\/fr\/services\/vente-et-location-de-biens-immobiliers\/","og_locale":"fr_FR","og_type":"article","og_title":"Propri\u00e9t\u00e9s \u00e0 vendre et \u00e0 louer Costa Brava | The On Estate","og_description":"Propri\u00e9t\u00e9s exclusives \u00e0 vendre et \u00e0 louer sur la Costa Brava. Une s\u00e9lection soign\u00e9e dans l'Empord\u00e0 avec un accompagnement discret et judicieux.","og_url":"https:\/\/theonestate.com\/fr\/services\/vente-et-location-de-biens-immobiliers\/","og_site_name":"Theonestate","article_modified_time":"2026-05-27T15:48:58+00:00","og_image":[{"url":"https:\/\/theonestate.com\/wp-content\/uploads\/2026\/02\/bn-asesoria.jpg","type":"","width":"","height":""}],"twitter_card":"summary_large_image","schema":{"@context":"https:\/\/schema.org","@graph":[{"@type":"WebPage","@id":"https:\/\/theonestate.com\/fr\/services\/vente-et-location-de-biens-immobiliers\/","url":"https:\/\/theonestate.com\/fr\/services\/vente-et-location-de-biens-immobiliers\/","name":"Propri\u00e9t\u00e9s \u00e0 vendre et \u00e0 louer Costa Brava | The On Estate","isPartOf":{"@id":"https:\/\/theonestate.com\/#website"},"primaryImageOfPage":{"@id":"https:\/\/theonestate.com\/fr\/services\/vente-et-location-de-biens-immobiliers\/#primaryimage"},"image":{"@id":"https:\/\/theonestate.com\/fr\/services\/vente-et-location-de-biens-immobiliers\/#primaryimage"},"thumbnailUrl":"https:\/\/theonestate.com\/wp-content\/uploads\/2026\/02\/bn-asesoria.jpg","datePublished":"2026-02-24T20:20:06+00:00","dateModified":"2026-05-27T15:48:58+00:00","description":"Propri\u00e9t\u00e9s exclusives \u00e0 vendre et \u00e0 louer sur la Costa Brava. Une s\u00e9lection soign\u00e9e dans l'Empord\u00e0 avec un accompagnement discret et judicieux.","breadcrumb":{"@id":"https:\/\/theonestate.com\/fr\/services\/vente-et-location-de-biens-immobiliers\/#breadcrumb"},"inLanguage":"fr-FR","potentialAction":[{"@type":"ReadAction","target":["https:\/\/theonestate.com\/fr\/services\/vente-et-location-de-biens-immobiliers\/"]}]},{"@type":"ImageObject","inLanguage":"fr-FR","@id":"https:\/\/theonestate.com\/fr\/services\/vente-et-location-de-biens-immobiliers\/#primaryimage","url":"https:\/\/theonestate.com\/wp-content\/uploads\/2026\/02\/bn-asesoria.jpg","contentUrl":"https:\/\/theonestate.com\/wp-content\/uploads\/2026\/02\/bn-asesoria.jpg"},{"@type":"BreadcrumbList","@id":"https:\/\/theonestate.com\/fr\/services\/vente-et-location-de-biens-immobiliers\/#breadcrumb","itemListElement":[{"@type":"ListItem","position":1,"name":"Accueil","item":"https:\/\/theonestate.com\/fr\/"},{"@type":"ListItem","position":2,"name":"Services","item":"https:\/\/theonestate.com\/fr\/services\/"},{"@type":"ListItem","position":3,"name":"Vente et location de biens immobiliers"}]},{"@type":"WebSite","@id":"https:\/\/theonestate.com\/#website","url":"https:\/\/theonestate.com\/","name":"The On Estate","description":"Inmobiliaria de lujo en la Costa Brava (Girona, Espa\u00f1a). Venta, alquiler, gesti\u00f3n y rehabilitaci\u00f3n de propiedades exclusivas, incluyendo acceso a una colecci\u00f3n privada de propiedades off-market.","publisher":{"@id":"https:\/\/theonestate.com\/#organization"},"alternateName":"The On Estate","potentialAction":[{"@type":"SearchAction","target":{"@type":"EntryPoint","urlTemplate":"https:\/\/theonestate.com\/?s={search_term_string}"},"query-input":{"@type":"PropertyValueSpecification","valueRequired":true,"valueName":"search_term_string"}}],"inLanguage":"fr-FR"},{"@type":"Organization","@id":"https:\/\/theonestate.com\/#organization","name":"The On Estate","url":"https:\/\/theonestate.com\/","logo":{"@type":"ImageObject","inLanguage":"fr-FR","@id":"https:\/\/theonestate.com\/#\/schema\/logo\/image\/","url":"https:\/\/theonestate.com\/wp-content\/uploads\/2026\/01\/cropped-logotipo_theonestate-1.png","contentUrl":"https:\/\/theonestate.com\/wp-content\/uploads\/2026\/01\/cropped-logotipo_theonestate-1.png","width":500,"height":500,"caption":"The On Estate"},"image":{"@id":"https:\/\/theonestate.com\/#\/schema\/logo\/image\/"},"sameAs":["https:\/\/www.instagram.com\/the_on_estate\/","https:\/\/es.linkedin.com\/company\/the-on-estate"]}]}},"_links":{"self":[{"href":"https:\/\/theonestate.com\/fr\/wp-json\/wp\/v2\/pages\/5437","targetHints":{"allow":["GET"]}}],"collection":[{"href":"https:\/\/theonestate.com\/fr\/wp-json\/wp\/v2\/pages"}],"about":[{"href":"https:\/\/theonestate.com\/fr\/wp-json\/wp\/v2\/types\/page"}],"author":[{"embeddable":true,"href":"https:\/\/theonestate.com\/fr\/wp-json\/wp\/v2\/users\/3"}],"replies":[{"embeddable":true,"href":"https:\/\/theonestate.com\/fr\/wp-json\/wp\/v2\/comments?post=5437"}],"version-history":[{"count":3,"href":"https:\/\/theonestate.com\/fr\/wp-json\/wp\/v2\/pages\/5437\/revisions"}],"predecessor-version":[{"id":5466,"href":"https:\/\/theonestate.com\/fr\/wp-json\/wp\/v2\/pages\/5437\/revisions\/5466"}],"up":[{"embeddable":true,"href":"https:\/\/theonestate.com\/fr\/wp-json\/wp\/v2\/pages\/5374"}],"wp:attachment":[{"href":"https:\/\/theonestate.com\/fr\/wp-json\/wp\/v2\/media?parent=5437"}],"curies":[{"name":"wp","href":"https:\/\/api.w.org\/{rel}","templated":true}]}}