{"id":5395,"date":"2026-02-22T12:11:13","date_gmt":"2026-02-22T11:11:13","guid":{"rendered":"https:\/\/theonestate.com\/nous\/"},"modified":"2026-05-27T17:48:52","modified_gmt":"2026-05-27T15:48:52","slug":"nous","status":"publish","type":"page","link":"https:\/\/theonestate.com\/fr\/nous\/","title":{"rendered":"Nous"},"content":{"rendered":"\n<div class=\"gbp-section gb-element-287415c8\">\n<div class=\"gb-element-75068948\"><div class=\"yoast-breadcrumbs\"><span><span><a href=\"https:\/\/theonestate.com\/fr\/\">Accueil<\/a><\/span> &gt; <span class=\"breadcrumb_last\" aria-current=\"page\">Nous<\/span><\/span><\/div><\/div>\n\n\n\n<figure class=\"wp-block-image size-large is-resized\"><img decoding=\"async\" width=\"1024\" height=\"576\" src=\"https:\/\/spcdn.shortpixel.ai\/spio\/ret_img,q_cdnize,to_webp,s_webp\/theonestate.com\/wp-content\/uploads\/2026\/03\/foto-composicio-nosotros-1024x576.jpg\" alt=\"\" class=\"wp-image-4526\" style=\"width:1440px;height:auto\" srcset=\"https:\/\/spcdn.shortpixel.ai\/spio\/ret_img,q_cdnize,to_webp,s_webp\/theonestate.com\/wp-content\/uploads\/2026\/03\/foto-composicio-nosotros-1024x576.jpg 1024w, https:\/\/spcdn.shortpixel.ai\/spio\/ret_img,q_cdnize,to_webp,s_webp\/theonestate.com\/wp-content\/uploads\/2026\/03\/foto-composicio-nosotros-300x169.jpg 300w, https:\/\/spcdn.shortpixel.ai\/spio\/ret_img,q_cdnize,to_webp,s_webp\/theonestate.com\/wp-content\/uploads\/2026\/03\/foto-composicio-nosotros-768x432.jpg 768w, https:\/\/spcdn.shortpixel.ai\/spio\/ret_img,q_cdnize,to_webp,s_webp\/theonestate.com\/wp-content\/uploads\/2026\/03\/foto-composicio-nosotros-1536x864.jpg 1536w, https:\/\/spcdn.shortpixel.ai\/spio\/ret_img,q_cdnize,to_webp,s_webp\/theonestate.com\/wp-content\/uploads\/2026\/03\/foto-composicio-nosotros-2048x1152.jpg 2048w\" sizes=\"(max-width: 1024px) 100vw, 1024px\" \/><\/figure>\n\n\n\n<div class=\"gb-element-1881186c\">\n<p class=\"gb-text gb-text-d4a9ab5d\"><br>Chez TheOnEstate, nous comptons plus de 50 professionnels qui s&rsquo;engagent \u00e0 vous offrir un service irr\u00e9prochable. Notre \u00e9quipe parle plusieurs langues et r\u00e9unit des profils compl\u00e9mentaires : des natifs des Pays-Bas, de Belgique et de France sont int\u00e9gr\u00e9s \u00e0 des professionnels locaux, tous unis par des valeurs communes. <\/p>\n<\/div>\n\n\n\n<div><\/div>\n\n\n\n<div><\/div>\n\n\n\n<div class=\"wp-block-columns is-layout-flex wp-container-core-columns-is-layout-8f761849 wp-block-columns-is-layout-flex\">\n<div class=\"wp-block-column is-layout-flow wp-block-column-is-layout-flow\" style=\"flex-basis:48%\">\n<div class=\"gb-element-53e18210\">\n<h2 class=\"gb-text gb-text-b883b04b\">O\u00d9 LE LUXE RENCONTRE LE TERRITOIRE<\/h2>\n<\/div>\n<\/div>\n<\/div>\n\n\n\n<div class=\"gb-element-f05533a0\">\n<div class=\"wp-block-columns are-vertically-aligned-bottom is-layout-flex wp-container-core-columns-is-layout-8f761849 wp-block-columns-is-layout-flex\">\n<div class=\"wp-block-column is-vertically-aligned-bottom column1-service is-layout-flow wp-block-column-is-layout-flow\" style=\"flex-basis:45%\">\n<div class=\"gb-element-c82083b0\">\n<p class=\"wp-block-paragraph\"><em>\u00ab\u00a0<strong>En 1972, mon p\u00e8re, Llu\u00eds Torrent,<\/strong> pionnier du secteur de l&rsquo;immobilier et du tourisme sur la Costa Brava et dot\u00e9 d&rsquo;un grand esprit d&rsquo;entreprise, a vendu sa premi\u00e8re propri\u00e9t\u00e9 \u00e0 une Suissesse, en concluant l&rsquo;affaire tard dans la nuit. C&rsquo;\u00e9tait une autre \u00e9poque&#8230; <\/em><\/p>\n\n\n\n<p class=\"wp-block-paragraph\"><em>Cette vente a marqu\u00e9 le d\u00e9but d&rsquo;une longue trajectoire avec la ferme volont\u00e9 d&rsquo;offrir les <strong>meilleurs services immobiliers et touristiques<\/strong> aux \u00e9trangers qui commen\u00e7aient \u00e0 d\u00e9couvrir notre territoire. Nous connaissons chaque coin, chaque pierre, chaque rythme du paysage de l&rsquo;Empord\u00e0 et de la Costa Brava parce que nous sommes n\u00e9s ici.   <\/em><\/p>\n\n\n\n<p class=\"wp-block-paragraph\"><em>Aujourd&rsquo;hui, avec TheOnEstate, nous franchissons une nouvelle \u00e9tape : une marque qui porte l&rsquo;exp\u00e9rience immobili\u00e8re \u00e0 un niveau sup\u00e9rieur, sans jamais perdre les racines qui nous d\u00e9finissent.  <strong>TheOnEstate a \u00e9t\u00e9 cr\u00e9\u00e9 au sein du groupe Ceigrup en tant que division sp\u00e9cialis\u00e9e dans les propri\u00e9t\u00e9s uniques et les clients aux attentes \u00e9lev\u00e9es.<\/strong>  L&rsquo;id\u00e9e est n\u00e9e d&rsquo;une conviction personnelle profond\u00e9ment ancr\u00e9e : offrir un service vraiment exclusif et sensible \u00e0 ceux qui appr\u00e9cient l&rsquo;authenticit\u00e9 et l&rsquo;\u00e2me des propri\u00e9t\u00e9s de charme.<\/em><\/p>\n\n\n\n<p class=\"wp-block-paragraph\"><em>Depuis que j&rsquo;ai commenc\u00e9 dans le m\u00e9tier, les maisons avec de l&rsquo;histoire, de la beaut\u00e9 et du caract\u00e8re ont \u00e9t\u00e9 mon point faible&#8230; Et, comme tout ce qui est important, ce projet a pris forme avec l&rsquo;aide pr\u00e9cieuse de <strong>Jasper<\/strong>, un partenaire dans mille batailles. Il s&rsquo;appuie sur son exp\u00e9rience solide et \u00e9prouv\u00e9e, sur sa vision internationale claire et sur sa ferme volont\u00e9 de toujours \u00e9toffer notre \u00e9quipe.  <\/em><\/p>\n\n\n\n<p class=\"wp-block-paragraph\"><em>C&rsquo;est ainsi qu&rsquo;est n\u00e9 <strong>TheOnEstate : l&rsquo;union de l&rsquo;exp\u00e9rience, de la sensibilit\u00e9 esth\u00e9tique, de la connaissance du territoire et d&rsquo;une nouvelle \u00e9nergie internationale. <\/strong>C&rsquo;est notre fa\u00e7on de r\u00e9pondre \u00e0 un nouveau profil de client : plus global, plus exigeant et plus connect\u00e9 \u00e0 la valeur du lieu. Nous le faisons \u00e0 travers un service raffin\u00e9, agile et profond\u00e9ment personnalis\u00e9. <\/em><\/p>\n\n\n\n<p class=\"wp-block-paragraph\"><em>Nous fusionnons une connaissance intime de la r\u00e9gion<\/em><strong><em> avec une vision contemporaine du luxe r\u00e9sidentiel : serein, \u00e9l\u00e9gant et confortable.<\/em><\/strong>\u00ab\u00a0<\/p>\n\n\n\n<p class=\"wp-block-paragraph\"><strong><em>Esther Torrent<\/em><\/strong><\/p>\n<\/div>\n<\/div>\n\n\n\n<div class=\"wp-block-column is-layout-flow wp-block-column-is-layout-flow\"><\/div>\n\n\n\n<div class=\"wp-block-column is-vertically-aligned-bottom is-layout-flow wp-block-column-is-layout-flow\" style=\"flex-basis:45%\">\n<div class=\"wp-block-columns are-vertically-aligned-bottom is-layout-flex wp-container-core-columns-is-layout-8f761849 wp-block-columns-is-layout-flex\">\n<div class=\"wp-block-column is-vertically-aligned-bottom is-layout-flow wp-block-column-is-layout-flow\" style=\"flex-basis:100%\">\n<div class=\"gb-element-eab912aa\">\n<h2 class=\"gb-text gb-text-6a63dfbc\">Esther Torrent<\/h2>\n<\/div>\n\n\n\n<p class=\"wp-block-paragraph\">N\u00e9e dans l&rsquo;Empord\u00e0, Esther est la deuxi\u00e8me g\u00e9n\u00e9ration \u00e0 la t\u00eate de l&rsquo;entreprise familiale. Ses premiers pas, entre l&rsquo;attention port\u00e9e aux propri\u00e9taires de r\u00e9sidences secondaires et le dynamisme des locations touristiques, ont marqu\u00e9 une base solide \u00e0 laquelle elle a ajout\u00e9 une sc\u00e8ne internationale qui lui a donn\u00e9 un regard neuf et audacieux. En 2010, il en prend la direction, consolidant son profil d&rsquo;agent immobilier et compl\u00e9tant sa formation avec le programme de gestion g\u00e9n\u00e9rale de l&rsquo;IESE. Aujourd&rsquo;hui, avec TheOnEsta-te, il incarne une vision globale et strat\u00e9gique qui allie racines familiales, profonde connaissance du terrain et gestion contemporaine du luxe.   <\/p>\n<\/div>\n\n\n\n<div class=\"wp-block-column is-layout-flow wp-block-column-is-layout-flow\"><\/div>\n\n\n\n<div class=\"wp-block-column is-vertically-aligned-bottom is-layout-flow wp-block-column-is-layout-flow\" style=\"flex-basis:100%\">\n<div class=\"gb-element-93a6f10c\">\n<h2 class=\"gb-text gb-text-4259ee3a\">Jasper Koot<\/h2>\n<\/div>\n\n\n\n<p class=\"wp-block-paragraph\">N\u00e9 aux Pays-Bas et install\u00e9 dans la r\u00e9gion depuis 1991. Fort d&rsquo;un profil international, Jasper a commenc\u00e9 sa carri\u00e8re dans le secteur de l&rsquo;h\u00f4tellerie, o\u00f9 il a acquis une connaissance approfondie du service \u00e0 la client\u00e8le, de l&rsquo;hospitalit\u00e9 raffin\u00e9e et une sensibilit\u00e9 particuli\u00e8re \u00e0 l&rsquo;excellence et au d\u00e9tail. Depuis 2003, il a consolid\u00e9 son parcours dans le secteur de l&rsquo;immobilier, apportant une vision globale et une capacit\u00e9 unique \u00e0 comprendre les besoins de nos clients. Parlant couramment cinq langues, Jasper allie professionnalisme et accessibilit\u00e9, ce qui lui permet d&rsquo;offrir \u00e0 ses clients une exp\u00e9rience personnalis\u00e9e et sans faille. Passionn\u00e9 de voile, de gastronomie locale et de temps pass\u00e9 en famille, il a trouv\u00e9 dans l&rsquo;Empord\u00e0 l&rsquo;\u00e9quilibre parfait entre son mode de vie et sa profession. De l\u00e0, il promeut un concept exclusif d&rsquo;atterrissage en douceur, bas\u00e9 sur la confiance, la chaleur et un service impeccable.     <\/p>\n<\/div>\n<\/div>\n<\/div>\n<\/div>\n<\/div>\n\n\n\n<div class=\"gb-element-d6a8efb6\">\n<figure class=\"wp-block-embed is-type-video is-provider-youtube wp-block-embed-youtube wp-embed-aspect-16-9 wp-has-aspect-ratio\"><div class=\"wp-block-embed__wrapper\">\n<iframe title=\"Luxury Real Estate &amp; property management in Costa Brava. Hospitality &amp; Lifestyle Services.\" width=\"1200\" height=\"675\" src=\"https:\/\/www.youtube.com\/embed\/0wcG_ujvdRE?feature=oembed\" frameborder=\"0\" allow=\"accelerometer; autoplay; clipboard-write; encrypted-media; gyroscope; picture-in-picture; web-share\" referrerpolicy=\"strict-origin-when-cross-origin\" allowfullscreen><\/iframe>\n<\/div><\/figure>\n<\/div>\n<\/div>\n\n<div class=\"services-section gb-element-1dcb2fe8\">\n<div class=\"gb-element-591f02bf\">\n<div class=\"gb-element-949d3517\">\n<h2 class=\"gb-text gb-text-36ef5858\">Nos services<\/h2>\n\n\n\n<h2 class=\"gb-text gb-text-b2342ea5\">on<\/h2>\n<\/div>\n\n\n\n<div class=\"gb-carousel site-carousel services-carousel gb-carousel-907b5b71\" data-space-between=\"0px\" data-pagination-clickable=\"false\" data-pagination-type=\"bullets\" data-slides-per-view=\"6\" data-autoplay-stop-on-last-slide=\"true\" data-carousel-id=\"907b5b71\">\n<div class=\"gb-carousel-items\">\n<div class=\"gb-carousel-item gb-carousel-item-35eb325f\">\n<a class=\"item gb-element-a352d12c\" href=\"https:\/\/theonestate.com\/servicios\/asesoria-inmobiliaria-costa-brava-the-on-estate\/\">\n<div class=\"gb-element-219bee18\">\n<img decoding=\"async\" class=\"gb-media-86b41a23\" alt=\"\" title=\"ic\u00f4ne-main\" src=\"https:\/\/spcdn.shortpixel.ai\/spio\/ret_img,q_cdnize,to_webp,s_webp\/theonestate.com\/wp-content\/uploads\/2026\/02\/icon-hand.svg\">\n<\/div>\n\n\n\n<h3 class=\"gb-text gb-text-d73efb7f\">Conseil en immobilier<\/h3>\n<\/a>\n<\/div>\n\n\n\n<div class=\"gb-carousel-item gb-carousel-item-e159218a\">\n<a class=\"item gb-element-2622c119\" href=\"https:\/\/theonestate.com\/servicios\/gestion-de-propiedades-costa-brava-the-on-estate\/\">\n<div class=\"gb-element-9efd057e\">\n<img decoding=\"async\" class=\"gb-media-ec4e4a7d\" alt=\"\" title=\"icon-keys&lt;br\/&gt;\" src=\"https:\/\/spcdn.shortpixel.ai\/spio\/ret_img,q_cdnize,to_webp,s_webp\/theonestate.com\/wp-content\/uploads\/2026\/02\/icon-keys.svg\">\n<\/div>\n\n\n\n<h3 class=\"gb-text gb-text-25da94cc\">GESTION DES PROPRI\u00c9T\u00c9S<br\/><\/h3>\n<\/a>\n<\/div>\n\n\n\n<div class=\"gb-carousel-item gb-carousel-item-bf85974e\">\n<a class=\"item gb-element-4b22550d\" href=\"https:\/\/theonestate.com\/servicios\/venta-y-alquiler-de-propiedades-costa-brava-the-on-estate\/\">\n<div class=\"gb-element-d78a6614\">\n<img decoding=\"async\" class=\"gb-media-874412ea\" alt=\"\" title=\"ic\u00f4ne-mansion\" src=\"https:\/\/spcdn.shortpixel.ai\/spio\/ret_img,q_cdnize,to_webp,s_webp\/theonestate.com\/wp-content\/uploads\/2026\/02\/icon-mansion.svg\">\n<\/div>\n\n\n\n<h3 class=\"gb-text gb-text-954f3548\">LOCATION ET VENTE<br\/>DE BIENS IMMOBILIERS<\/h3>\n<\/a>\n<\/div>\n\n\n\n<div class=\"gb-carousel-item gb-carousel-item-573c2358\">\n<a class=\"gb-element-4b765107\" href=\"https:\/\/theonestate.com\/concierge-costa-brava\/\">\n<div class=\"gb-element-ec10364f\">\n<img decoding=\"async\" class=\"gb-media-1a83951d\" alt=\"\" title=\"ic\u00f4ne-cloche\" src=\"https:\/\/spcdn.shortpixel.ai\/spio\/ret_img,q_cdnize,to_webp,s_webp\/theonestate.com\/wp-content\/uploads\/2026\/02\/icon-bell.svg\">\n<\/div>\n\n\n\n<h3 class=\"gb-text gb-text-67411e4d\">SERVICES D&rsquo;ACCUEIL ET DE STYLE DE VIE<\/h3>\n<\/a>\n<\/div>\n\n\n\n<div class=\"gb-carousel-item gb-carousel-item-cd33afba\">\n<a class=\"item gb-element-88a113db\" href=\"https:\/\/theonestate.com\/servicios\/rehabilitacion-y-reformas-de-propiedades-costa-brava-the-on-estate\/\">\n<div class=\"gb-element-d8dd05fa\">\n<img decoding=\"async\" class=\"gb-media-eb76357d\" alt=\"\" title=\"outils-ic\u00f4nes\" src=\"https:\/\/spcdn.shortpixel.ai\/spio\/ret_img,q_cdnize,to_webp,s_webp\/theonestate.com\/wp-content\/uploads\/2026\/02\/icon-tools.svg\">\n<\/div>\n\n\n\n<h3 class=\"gb-text gb-text-38bd1040\"><strong>R\u00c9NOVATION <\/strong><strong>ET DESIGN<\/strong><\/h3>\n<\/a>\n<\/div>\n\n\n\n<div class=\"gb-carousel-item gb-carousel-item-31c6852e\">\n<a class=\"item gb-element-3e4f0550\" href=\"https:\/\/theonestate.com\/servicios\/administracion-y-gestion-inmobiliaria-costa-brava\/\">\n<div class=\"gb-element-77b7a56c\">\n<img decoding=\"async\" class=\"gb-media-24718179\" alt=\"\" title=\"ico-typographe\" src=\"https:\/\/spcdn.shortpixel.ai\/spio\/ret_img,q_cdnize,to_webp,s_webp\/theonestate.com\/wp-content\/uploads\/2026\/02\/ico-typewriter.svg\">\n<\/div>\n\n\n\n<h3 class=\"gb-text gb-text-44747871\"><strong>ADMINISTRATION <\/strong><br\/><strong>ET GESTION <\/strong><\/h3>\n<\/a>\n<\/div>\n<\/div>\n\n\n\n<div class=\"gb-element-077f999a\">\n<button aria-label=\"Previous slide\" class=\"gb-carousel-control gb-carousel-control-91eacd33 gb-carousel-control--previous\" data-carousel-control=\"prev\"><span class=\"gb-carousel-control-icon\"><svg viewbox=\"0 0 256 256\" fill=\"currentColor\"><path d=\"M165.66,202.34a8,8,0,0,1-11.32,11.32l-80-80a8,8,0,0,1,0-11.32l80-80a8,8,0,0,1,11.32,11.32L91.31,128Z\"><\/path><\/svg><\/span><\/button>\n\n\n\n<button aria-label=\"Next slide\" class=\"gb-carousel-control gb-carousel-control-9818b405 gb-carousel-control--next\" data-carousel-control=\"next\"><span class=\"gb-carousel-control-icon\"><svg viewbox=\"0 0 256 256\" fill=\"currentColor\"><path d=\"M181.66,133.66l-80,80a8,8,0,0,1-11.32-11.32L164.69,128,90.34,53.66a8,8,0,0,1,11.32-11.32l80,80A8,8,0,0,1,181.66,133.66Z\"><\/path><\/svg><\/span><\/button>\n<\/div>\n<\/div>\n<\/div>\n<\/div>\n\n<div class=\"downloads-block gb-element-929e924b\">\n<div class=\"gb-element-9aaf96d4\">\n<div class=\"gb-carousel site-carousel gb-carousel-bb95c0e4\" data-space-between=\"34px\" data-slides-per-view=\"2\" data-loop=\"true\" data-carousel-id=\"bb95c0e4\">\n<div class=\"gb-carousel-items\">\n<div class=\"gb-carousel-item gb-carousel-item-4a886367 popmake-2980\">\n<div class=\"popmake-2980 gb-element-cf79473d\">\n<h3 class=\"gb-text gb-text-0101ff25\">T\u00c9L\u00c9CHARGER<\/h3>\n\n\n\n<div class=\"gb-element-842870d3\">\n<p class=\"gb-text gb-text-fed65881\">Tout ce que vous devez savoir pour acheter une propri\u00e9t\u00e9 exclusive sur la Costa Brava.<\/p>\n\n\n\n<p class=\"gb-text gb-text-25545b38\">On<\/p>\n<\/div>\n<\/div>\n<\/div>\n\n\n\n<div class=\"gb-carousel-item gb-carousel-item-731228a6 popmake-2991\">\n<div class=\"popmake-2991 gb-element-c6af9783\">\n<h3 class=\"gb-text gb-text-165c0289\">T\u00c9L\u00c9CHARGER<\/h3>\n\n\n\n<div class=\"gb-element-c3ef1be5\">\n<p class=\"gb-text gb-text-f533651a\">Comment planifier ma tranquillit\u00e9<br\/>et avoir<br\/>l&rsquo;esprit serein pendant mes vacances<br\/>sur la Costa Brava.<\/p>\n\n\n\n<p class=\"gb-text gb-text-b1a93ab3\">On<\/p>\n<\/div>\n<\/div>\n<\/div>\n\n\n<\/div>\n\n\n<\/div>\n<\/div>\n<\/div>\n","protected":false},"excerpt":{"rendered":"<p>Chez TheOnEstate, nous comptons plus de 50 professionnels qui s&rsquo;engagent \u00e0 vous offrir un service irr\u00e9prochable. Notre \u00e9quipe parle plusieurs langues et r\u00e9unit des profils compl\u00e9mentaires : des natifs des Pays-Bas, de Belgique et de France sont int\u00e9gr\u00e9s \u00e0 des professionnels locaux, tous unis par des valeurs communes. O\u00d9 LE LUXE RENCONTRE LE TERRITOIRE \u00ab\u00a0En &#8230; <a title=\"Nous\" class=\"read-more\" href=\"https:\/\/theonestate.com\/fr\/nous\/\" aria-label=\"En savoir plus sur Nous\">Lire la suite<\/a><\/p>\n","protected":false},"author":1,"featured_media":0,"parent":0,"menu_order":0,"comment_status":"closed","ping_status":"closed","template":"","meta":{"_acf_changed":false,"footnotes":""},"class_list":["post-5395","page","type-page","status-publish"],"acf":[],"yoast_head":"<!-- This site is optimized with the Yoast SEO plugin v28.3 - https:\/\/yoast.com\/product\/yoast-seo-wordpress\/ -->\n<title>Esther Torrent : CEO On Estate Costa Brava<\/title>\n<meta name=\"description\" content=\"Esther Torrent, PDG de The On Estate sur la Costa Brava. Sp\u00e9cialis\u00e9e dans l&#039;immobilier, les propri\u00e9t\u00e9s exclusives et la gestion globale.\" \/>\n<meta name=\"robots\" content=\"index, follow, max-snippet:-1, max-image-preview:large, max-video-preview:-1\" \/>\n<link rel=\"canonical\" href=\"https:\/\/theonestate.com\/fr\/?page_id=5395\" \/>\n<meta property=\"og:locale\" content=\"fr_FR\" \/>\n<meta property=\"og:type\" content=\"article\" \/>\n<meta property=\"og:title\" content=\"Esther Torrent : CEO On Estate Costa Brava\" \/>\n<meta property=\"og:description\" content=\"Esther Torrent, PDG de The On Estate sur la Costa Brava. Sp\u00e9cialis\u00e9e dans l&#039;immobilier, les propri\u00e9t\u00e9s exclusives et la gestion globale.\" \/>\n<meta property=\"og:url\" content=\"https:\/\/theonestate.com\/fr\/?page_id=5395\" \/>\n<meta property=\"og:site_name\" content=\"Theonestate\" \/>\n<meta property=\"article:modified_time\" content=\"2026-05-27T15:48:52+00:00\" \/>\n<meta property=\"og:image\" content=\"https:\/\/theonestate.com\/wp-content\/uploads\/2026\/03\/foto-composicio-nosotros-1024x576.jpg\" \/>\n<meta name=\"twitter:card\" content=\"summary_large_image\" \/>\n<meta name=\"twitter:label1\" content=\"Dur\u00e9e de lecture estim\u00e9e\" \/>\n\t<meta name=\"twitter:data1\" content=\"3 minutes\" \/>\n<script type=\"application\/ld+json\" class=\"yoast-schema-graph\">{\"@context\":\"https:\\\/\\\/schema.org\",\"@graph\":[{\"@type\":\"WebPage\",\"@id\":\"https:\\\/\\\/theonestate.com\\\/fr\\\/?page_id=5395\",\"url\":\"https:\\\/\\\/theonestate.com\\\/fr\\\/?page_id=5395\",\"name\":\"Esther Torrent : CEO On Estate Costa Brava\",\"isPartOf\":{\"@id\":\"https:\\\/\\\/theonestate.com\\\/#website\"},\"primaryImageOfPage\":{\"@id\":\"https:\\\/\\\/theonestate.com\\\/fr\\\/?page_id=5395#primaryimage\"},\"image\":{\"@id\":\"https:\\\/\\\/theonestate.com\\\/fr\\\/?page_id=5395#primaryimage\"},\"thumbnailUrl\":\"https:\\\/\\\/theonestate.com\\\/wp-content\\\/uploads\\\/2026\\\/03\\\/foto-composicio-nosotros-1024x576.jpg\",\"datePublished\":\"2026-02-22T11:11:13+00:00\",\"dateModified\":\"2026-05-27T15:48:52+00:00\",\"description\":\"Esther Torrent, PDG de The On Estate sur la Costa Brava. Sp\u00e9cialis\u00e9e dans l'immobilier, les propri\u00e9t\u00e9s exclusives et la gestion globale.\",\"breadcrumb\":{\"@id\":\"https:\\\/\\\/theonestate.com\\\/fr\\\/?page_id=5395#breadcrumb\"},\"inLanguage\":\"fr-FR\",\"potentialAction\":[{\"@type\":\"ReadAction\",\"target\":[\"https:\\\/\\\/theonestate.com\\\/fr\\\/?page_id=5395\"]}]},{\"@type\":\"ImageObject\",\"inLanguage\":\"fr-FR\",\"@id\":\"https:\\\/\\\/theonestate.com\\\/fr\\\/?page_id=5395#primaryimage\",\"url\":\"https:\\\/\\\/theonestate.com\\\/wp-content\\\/uploads\\\/2026\\\/03\\\/foto-composicio-nosotros-1024x576.jpg\",\"contentUrl\":\"https:\\\/\\\/theonestate.com\\\/wp-content\\\/uploads\\\/2026\\\/03\\\/foto-composicio-nosotros-1024x576.jpg\"},{\"@type\":\"BreadcrumbList\",\"@id\":\"https:\\\/\\\/theonestate.com\\\/fr\\\/?page_id=5395#breadcrumb\",\"itemListElement\":[{\"@type\":\"ListItem\",\"position\":1,\"name\":\"Accueil\",\"item\":\"https:\\\/\\\/theonestate.com\\\/fr\\\/\"},{\"@type\":\"ListItem\",\"position\":2,\"name\":\"Nous\"}]},{\"@type\":\"WebSite\",\"@id\":\"https:\\\/\\\/theonestate.com\\\/#website\",\"url\":\"https:\\\/\\\/theonestate.com\\\/\",\"name\":\"The On Estate\",\"description\":\"Inmobiliaria de lujo en la Costa Brava (Girona, Espa\u00f1a). Venta, alquiler, gesti\u00f3n y rehabilitaci\u00f3n de propiedades exclusivas, incluyendo acceso a una colecci\u00f3n privada de propiedades off-market.\",\"publisher\":{\"@id\":\"https:\\\/\\\/theonestate.com\\\/#organization\"},\"alternateName\":\"The On Estate\",\"potentialAction\":[{\"@type\":\"SearchAction\",\"target\":{\"@type\":\"EntryPoint\",\"urlTemplate\":\"https:\\\/\\\/theonestate.com\\\/?s={search_term_string}\"},\"query-input\":{\"@type\":\"PropertyValueSpecification\",\"valueRequired\":true,\"valueName\":\"search_term_string\"}}],\"inLanguage\":\"fr-FR\"},{\"@type\":\"Organization\",\"@id\":\"https:\\\/\\\/theonestate.com\\\/#organization\",\"name\":\"The On Estate\",\"url\":\"https:\\\/\\\/theonestate.com\\\/\",\"logo\":{\"@type\":\"ImageObject\",\"inLanguage\":\"fr-FR\",\"@id\":\"https:\\\/\\\/theonestate.com\\\/#\\\/schema\\\/logo\\\/image\\\/\",\"url\":\"https:\\\/\\\/theonestate.com\\\/wp-content\\\/uploads\\\/2026\\\/01\\\/cropped-logotipo_theonestate-1.png\",\"contentUrl\":\"https:\\\/\\\/theonestate.com\\\/wp-content\\\/uploads\\\/2026\\\/01\\\/cropped-logotipo_theonestate-1.png\",\"width\":500,\"height\":500,\"caption\":\"The On Estate\"},\"image\":{\"@id\":\"https:\\\/\\\/theonestate.com\\\/#\\\/schema\\\/logo\\\/image\\\/\"},\"sameAs\":[\"https:\\\/\\\/www.instagram.com\\\/the_on_estate\\\/\",\"https:\\\/\\\/es.linkedin.com\\\/company\\\/the-on-estate\"]}]}<\/script>\n<!-- \/ Yoast SEO plugin. -->","yoast_head_json":{"title":"Esther Torrent : CEO On Estate Costa Brava","description":"Esther Torrent, PDG de The On Estate sur la Costa Brava. Sp\u00e9cialis\u00e9e dans l'immobilier, les propri\u00e9t\u00e9s exclusives et la gestion globale.","robots":{"index":"index","follow":"follow","max-snippet":"max-snippet:-1","max-image-preview":"max-image-preview:large","max-video-preview":"max-video-preview:-1"},"canonical":"https:\/\/theonestate.com\/fr\/?page_id=5395","og_locale":"fr_FR","og_type":"article","og_title":"Esther Torrent : CEO On Estate Costa Brava","og_description":"Esther Torrent, PDG de The On Estate sur la Costa Brava. Sp\u00e9cialis\u00e9e dans l'immobilier, les propri\u00e9t\u00e9s exclusives et la gestion globale.","og_url":"https:\/\/theonestate.com\/fr\/?page_id=5395","og_site_name":"Theonestate","article_modified_time":"2026-05-27T15:48:52+00:00","og_image":[{"url":"https:\/\/theonestate.com\/wp-content\/uploads\/2026\/03\/foto-composicio-nosotros-1024x576.jpg","type":"","width":"","height":""}],"twitter_card":"summary_large_image","twitter_misc":{"Dur\u00e9e de lecture estim\u00e9e":"3 minutes"},"schema":{"@context":"https:\/\/schema.org","@graph":[{"@type":"WebPage","@id":"https:\/\/theonestate.com\/fr\/?page_id=5395","url":"https:\/\/theonestate.com\/fr\/?page_id=5395","name":"Esther Torrent : CEO On Estate Costa Brava","isPartOf":{"@id":"https:\/\/theonestate.com\/#website"},"primaryImageOfPage":{"@id":"https:\/\/theonestate.com\/fr\/?page_id=5395#primaryimage"},"image":{"@id":"https:\/\/theonestate.com\/fr\/?page_id=5395#primaryimage"},"thumbnailUrl":"https:\/\/theonestate.com\/wp-content\/uploads\/2026\/03\/foto-composicio-nosotros-1024x576.jpg","datePublished":"2026-02-22T11:11:13+00:00","dateModified":"2026-05-27T15:48:52+00:00","description":"Esther Torrent, PDG de The On Estate sur la Costa Brava. Sp\u00e9cialis\u00e9e dans l'immobilier, les propri\u00e9t\u00e9s exclusives et la gestion globale.","breadcrumb":{"@id":"https:\/\/theonestate.com\/fr\/?page_id=5395#breadcrumb"},"inLanguage":"fr-FR","potentialAction":[{"@type":"ReadAction","target":["https:\/\/theonestate.com\/fr\/?page_id=5395"]}]},{"@type":"ImageObject","inLanguage":"fr-FR","@id":"https:\/\/theonestate.com\/fr\/?page_id=5395#primaryimage","url":"https:\/\/theonestate.com\/wp-content\/uploads\/2026\/03\/foto-composicio-nosotros-1024x576.jpg","contentUrl":"https:\/\/theonestate.com\/wp-content\/uploads\/2026\/03\/foto-composicio-nosotros-1024x576.jpg"},{"@type":"BreadcrumbList","@id":"https:\/\/theonestate.com\/fr\/?page_id=5395#breadcrumb","itemListElement":[{"@type":"ListItem","position":1,"name":"Accueil","item":"https:\/\/theonestate.com\/fr\/"},{"@type":"ListItem","position":2,"name":"Nous"}]},{"@type":"WebSite","@id":"https:\/\/theonestate.com\/#website","url":"https:\/\/theonestate.com\/","name":"The On Estate","description":"Inmobiliaria de lujo en la Costa Brava (Girona, Espa\u00f1a). Venta, alquiler, gesti\u00f3n y rehabilitaci\u00f3n de propiedades exclusivas, incluyendo acceso a una colecci\u00f3n privada de propiedades off-market.","publisher":{"@id":"https:\/\/theonestate.com\/#organization"},"alternateName":"The On Estate","potentialAction":[{"@type":"SearchAction","target":{"@type":"EntryPoint","urlTemplate":"https:\/\/theonestate.com\/?s={search_term_string}"},"query-input":{"@type":"PropertyValueSpecification","valueRequired":true,"valueName":"search_term_string"}}],"inLanguage":"fr-FR"},{"@type":"Organization","@id":"https:\/\/theonestate.com\/#organization","name":"The On Estate","url":"https:\/\/theonestate.com\/","logo":{"@type":"ImageObject","inLanguage":"fr-FR","@id":"https:\/\/theonestate.com\/#\/schema\/logo\/image\/","url":"https:\/\/theonestate.com\/wp-content\/uploads\/2026\/01\/cropped-logotipo_theonestate-1.png","contentUrl":"https:\/\/theonestate.com\/wp-content\/uploads\/2026\/01\/cropped-logotipo_theonestate-1.png","width":500,"height":500,"caption":"The On Estate"},"image":{"@id":"https:\/\/theonestate.com\/#\/schema\/logo\/image\/"},"sameAs":["https:\/\/www.instagram.com\/the_on_estate\/","https:\/\/es.linkedin.com\/company\/the-on-estate"]}]}},"_links":{"self":[{"href":"https:\/\/theonestate.com\/fr\/wp-json\/wp\/v2\/pages\/5395","targetHints":{"allow":["GET"]}}],"collection":[{"href":"https:\/\/theonestate.com\/fr\/wp-json\/wp\/v2\/pages"}],"about":[{"href":"https:\/\/theonestate.com\/fr\/wp-json\/wp\/v2\/types\/page"}],"author":[{"embeddable":true,"href":"https:\/\/theonestate.com\/fr\/wp-json\/wp\/v2\/users\/1"}],"replies":[{"embeddable":true,"href":"https:\/\/theonestate.com\/fr\/wp-json\/wp\/v2\/comments?post=5395"}],"version-history":[{"count":3,"href":"https:\/\/theonestate.com\/fr\/wp-json\/wp\/v2\/pages\/5395\/revisions"}],"predecessor-version":[{"id":5413,"href":"https:\/\/theonestate.com\/fr\/wp-json\/wp\/v2\/pages\/5395\/revisions\/5413"}],"wp:attachment":[{"href":"https:\/\/theonestate.com\/fr\/wp-json\/wp\/v2\/media?parent=5395"}],"curies":[{"name":"wp","href":"https:\/\/api.w.org\/{rel}","templated":true}]}}