{"id":7061,"date":"2026-04-29T11:25:17","date_gmt":"2026-04-29T09:25:17","guid":{"rendered":"https:\/\/theonestate.com\/uncategorized\/vila-cap-de-la-barra\/"},"modified":"2026-05-28T16:34:45","modified_gmt":"2026-05-28T14:34:45","slug":"vila-cap-de-la-barra","status":"publish","type":"propiedad","link":"https:\/\/theonestate.com\/ca\/cases-lloguer-costa-brava\/vila-cap-de-la-barra\/","title":{"rendered":"Vila cap de la barra"},"content":{"rendered":"\n<p class=\"wp-block-paragraph\">Benvingut a una vila excepcional situada a l&#8217;exclusiu Cap de la Barra, a l&#8217;Estartit, on el luxe contemporani es troba amb la bellesa m\u00e9s pura de la Mediterr\u00e0nia. Aquesta impressionant propietat orientada al sud i ubicada al costat del Parc Natural de les Illes Medes, Montgr\u00ed i Baix Ter, ofereix una experi\u00e8ncia \u00fanica amb vistes panor\u00e0miques al mar, la badia de Pals i el Cap de Begur.<\/p>\n\n<p class=\"wp-block-paragraph\">Dissenyada per oferir el m\u00e0xim confort i eleg\u00e0ncia, la vila disposa de quatre \u00e0mplies habitacions dobles, concebudes com a espais de descans sofisticats i acollidors. Compte a m\u00e9s amb tres banys de disseny modern que combinen funcionalitat i estil.<\/p>\n\n<p class=\"wp-block-paragraph\">El cor de l&#8217;habitatge \u00e9s la cuina oberta totalment equipada, integrada en una lluminosa i espaiosa zona d&#8217;estar que convida a compartir moments inoblidables. Des d\u00b4aqu\u00ed s\u00b4accedeix a una magn\u00edfica terrassa on gaudir de vetllades al\u00b4aire lliure, envoltat de vistes incomparables.<\/p>\n\n<p class=\"wp-block-paragraph\">L\u00b4espectacular piscina privada, aut\u00e8ntic emblema de la propietat, es converteix en un oasi de relax amb vistes infinites al mar. L\u00b4\u00e0rea exterior inclou un elegant sol\u00e0rium, una zona de menjador d\u00b4estiu i una pr\u00e0ctica cuina auxiliar amb lavabo, pensats per gaudir plenament de l\u00b4estil de vida mediterrani sense renunciar a la comoditat.<\/p>\n\n<p class=\"wp-block-paragraph\">La vila tamb\u00e9 ofereix una exclusiva zona chill out, perfecta per desconnectar i deixar-se embolicar per la tranquil\u00b7litat de l&#8217;entorn natural, creant una atmosfera d&#8217;absoluta privadesa i benestar.<\/p>\n\n<p class=\"wp-block-paragraph\">Aquesta propietat \u00e9s una invitaci\u00f3 a viure una estada inoblidable a un dels enclavaments m\u00e9s privilegiats de la Costa Brava, on cada detall ha estat acuradament pensat per oferir una experi\u00e8ncia de luxe, serenitat i connexi\u00f3 amb l&#8217;entorn.<\/p>\n\n<p class=\"wp-block-paragraph\">Els llen\u00e7ols estan inclosos per a m\u00e9s comoditat durant la vostra estada. Hi ha la possibilitat d&#8217;afegir tovalloles a petici\u00f3. Aix\u00ed mateix, es pot sol\u00b7licitar servei de connexi\u00f3 a Internet, subjecte a disponibilitat.<\/p>\n\n<p class=\"wp-block-paragraph\">Per tal de preservar la qualitat i exclusivitat de l&#8217;experi\u00e8ncia, no es permeten festes, esdeveniments, mascotes ni una ocupaci\u00f3 superior a la indicada a la reserva. Tots els clients han d&#8217;estar identificats correctament abans de l&#8217;arribada. L&#8217;incompliment d&#8217;aquestes normes pot comportar la cancel\u00b7laci\u00f3 de l&#8217;estada.<\/p>\n\n<p class=\"wp-block-paragraph\">D&#8217;acord amb la normativa vigent a Catalunya, la propietat es reserva el dret de sol\u00b7licitar l&#8217;aband\u00f3 immediat de l&#8217;allotjament en cas d&#8217;incompliment de les normes de conviv\u00e8ncia o les disposicions legals aplicables.<\/p>\n\n<p class=\"wp-block-paragraph\">Descobreixi la disponibilitat d&#8217;aquesta exclusiva propietat i faci el primer pas cap a una experi\u00e8ncia inoblidable en la Costa Brava.<\/p>\n\n<p class=\"wp-block-paragraph\">Contacti&#8217;ns avui mateix per a rebre informaci\u00f3 personalitzada sobre dates, tarifes i condicions. El nostre equip estar\u00e0 encantat d&#8217;ajudar-lo a organitzar una estada a l&#8217;altura de les seves expectatives.<\/p>\n\n<p class=\"wp-block-paragraph\"><strong>N\u00famero de registre tur\u00edstic<\/strong> <em>HUTG-073861<\/em><\/p>\n\n<p class=\"wp-block-paragraph\"><strong>N\u00famero de Registre \u00danic Arrendaments<\/strong> <em>ESFCTU00001700700002658000000000000000HUTG-073861-171<\/em><\/p>\n","protected":false},"featured_media":0,"menu_order":0,"template":"","propiedad_categoria":[80],"class_list":["post-7061","propiedad","type-propiedad","status-publish","hentry","propiedad_categoria-cases-lloguer-costa-brava"],"acf":{"gallery":[7067,7066,7065,7064,7063],"property_video":"","price":"","reference":"Vila Cap de la Barra","property_type":"Casa","sq_meters":160,"land":"","location":"L'Estartit","number_of_rooms":4,"number_of_bathrooms":3,"operation":"Alquiler","off_market":false,"heating":false,"air_conditioning":true,"energy_certificate":false,"swimming_pool":true,"sea_view":true,"mountain_view":false,"countryside_view":false,"village_view":false,"fireplace":false,"elevator":false,"garden":false,"terrace":true,"sauna":false,"solar_panels":false,"furnished":false,"summer_kitchen":false,"gym":false,"smart_home":false,"farmland__forest_land":false,"tennis_court":false,"stone_walls":false,"cinema":false,"games_room":false,"bar":false,"wine_cellar":false,"brochure":"","map":null},"yoast_head":"<!-- This site is optimized with the Yoast SEO plugin v28.3 - https:\/\/yoast.com\/product\/yoast-seo-wordpress\/ -->\n<title>Vila cap de la barra | Theonestate<\/title>\n<meta name=\"description\" content=\"Vila cap de la barra Conoce su historia, comodidades y espacios. Contacta con nosotros para m\u00e1s informaci\u00f3n y desc\u00fabre esta magn\u00edfica propiedad.\" \/>\n<meta name=\"robots\" content=\"index, follow, max-snippet:-1, max-image-preview:large, max-video-preview:-1\" \/>\n<link rel=\"canonical\" href=\"https:\/\/theonestate.com\/ca\/propiedad\/vila-cap-de-la-barra\/\" \/>\n<meta property=\"og:locale\" content=\"ca_ES\" \/>\n<meta property=\"og:type\" content=\"article\" \/>\n<meta property=\"og:title\" content=\"Vila cap de la barra | Theonestate\" \/>\n<meta property=\"og:description\" content=\"Vila cap de la barra Conoce su historia, comodidades y espacios. Contacta con nosotros para m\u00e1s informaci\u00f3n y desc\u00fabre esta magn\u00edfica propiedad.\" \/>\n<meta property=\"og:url\" content=\"https:\/\/theonestate.com\/ca\/propiedad\/vila-cap-de-la-barra\/\" \/>\n<meta property=\"og:site_name\" content=\"Theonestate\" \/>\n<meta property=\"article:modified_time\" content=\"2026-05-28T14:34:45+00:00\" \/>\n<meta property=\"og:image\" content=\"https:\/\/theonestate.com\/wp-content\/uploads\/2026\/04\/Captura-de-pantalla-2026-04-24-a-las-13.04.01.png\" \/>\n\t<meta property=\"og:image:width\" content=\"358\" \/>\n\t<meta property=\"og:image:height\" content=\"314\" \/>\n\t<meta property=\"og:image:type\" content=\"image\/png\" \/>\n<meta name=\"twitter:card\" content=\"summary_large_image\" \/>\n<meta name=\"twitter:label1\" content=\"Temps estimat de lectura\" \/>\n\t<meta name=\"twitter:data1\" content=\"2 minuts\" \/>\n<script type=\"application\/ld+json\" class=\"yoast-schema-graph\">{\"@context\":\"https:\\\/\\\/schema.org\",\"@graph\":[{\"@type\":[\"WebPage\",\"RealEstateListing\"],\"@id\":\"https:\\\/\\\/theonestate.com\\\/ca\\\/propiedad\\\/vila-cap-de-la-barra\\\/\",\"url\":\"https:\\\/\\\/theonestate.com\\\/ca\\\/propiedad\\\/vila-cap-de-la-barra\\\/\",\"name\":\"Vila cap de la barra | Theonestate\",\"isPartOf\":{\"@id\":\"https:\\\/\\\/theonestate.com\\\/#website\"},\"datePublished\":\"2026-04-29T09:25:17+00:00\",\"dateModified\":\"2026-05-28T14:34:45+00:00\",\"description\":\"Vila cap de la barra Conoce su historia, comodidades y espacios. Contacta con nosotros para m\u00e1s informaci\u00f3n y desc\u00fabre esta magn\u00edfica propiedad.\",\"breadcrumb\":{\"@id\":\"https:\\\/\\\/theonestate.com\\\/ca\\\/propiedad\\\/vila-cap-de-la-barra\\\/#breadcrumb\"},\"inLanguage\":\"ca\",\"potentialAction\":[{\"@type\":\"ReadAction\",\"target\":[\"https:\\\/\\\/theonestate.com\\\/ca\\\/propiedad\\\/vila-cap-de-la-barra\\\/\"]}]},{\"@type\":\"BreadcrumbList\",\"@id\":\"https:\\\/\\\/theonestate.com\\\/ca\\\/propiedad\\\/vila-cap-de-la-barra\\\/#breadcrumb\",\"itemListElement\":[{\"@type\":\"ListItem\",\"position\":1,\"name\":\"Inici\",\"item\":\"https:\\\/\\\/theonestate.com\\\/ca\\\/\"},{\"@type\":\"ListItem\",\"position\":2,\"name\":\"Cases en venda\",\"item\":\"https:\\\/\\\/theonestate.com\\\/ca\\\/propiedades\\\/cases-en-venda\\\/\"},{\"@type\":\"ListItem\",\"position\":3,\"name\":\"Cases a prop de la platja\",\"item\":\"https:\\\/\\\/theonestate.com\\\/ca\\\/propiedades\\\/cases-prop-la-platja-costa-brava\\\/\"},{\"@type\":\"ListItem\",\"position\":4,\"name\":\"Vila cap de la barra\"}]},{\"@type\":\"WebSite\",\"@id\":\"https:\\\/\\\/theonestate.com\\\/#website\",\"url\":\"https:\\\/\\\/theonestate.com\\\/\",\"name\":\"The On Estate\",\"description\":\"Inmobiliaria de lujo en la Costa Brava (Girona, Espa\u00f1a). Venta, alquiler, gesti\u00f3n y rehabilitaci\u00f3n de propiedades exclusivas, incluyendo acceso a una colecci\u00f3n privada de propiedades off-market.\",\"publisher\":{\"@id\":\"https:\\\/\\\/theonestate.com\\\/#organization\"},\"alternateName\":\"The On Estate\",\"potentialAction\":[{\"@type\":\"SearchAction\",\"target\":{\"@type\":\"EntryPoint\",\"urlTemplate\":\"https:\\\/\\\/theonestate.com\\\/?s={search_term_string}\"},\"query-input\":{\"@type\":\"PropertyValueSpecification\",\"valueRequired\":true,\"valueName\":\"search_term_string\"}}],\"inLanguage\":\"ca\"},{\"@type\":\"Organization\",\"@id\":\"https:\\\/\\\/theonestate.com\\\/#organization\",\"name\":\"The On Estate\",\"url\":\"https:\\\/\\\/theonestate.com\\\/\",\"logo\":{\"@type\":\"ImageObject\",\"inLanguage\":\"ca\",\"@id\":\"https:\\\/\\\/theonestate.com\\\/#\\\/schema\\\/logo\\\/image\\\/\",\"url\":\"https:\\\/\\\/theonestate.com\\\/wp-content\\\/uploads\\\/2026\\\/01\\\/cropped-logotipo_theonestate-1.png\",\"contentUrl\":\"https:\\\/\\\/theonestate.com\\\/wp-content\\\/uploads\\\/2026\\\/01\\\/cropped-logotipo_theonestate-1.png\",\"width\":500,\"height\":500,\"caption\":\"The On Estate\"},\"image\":{\"@id\":\"https:\\\/\\\/theonestate.com\\\/#\\\/schema\\\/logo\\\/image\\\/\"},\"sameAs\":[\"https:\\\/\\\/www.instagram.com\\\/the_on_estate\\\/\",\"https:\\\/\\\/es.linkedin.com\\\/company\\\/the-on-estate\"]}]}<\/script>\n<!-- \/ Yoast SEO plugin. -->","yoast_head_json":{"title":"Vila cap de la barra | Theonestate","description":"Vila cap de la barra Conoce su historia, comodidades y espacios. Contacta con nosotros para m\u00e1s informaci\u00f3n y desc\u00fabre esta magn\u00edfica propiedad.","robots":{"index":"index","follow":"follow","max-snippet":"max-snippet:-1","max-image-preview":"max-image-preview:large","max-video-preview":"max-video-preview:-1"},"canonical":"https:\/\/theonestate.com\/ca\/propiedad\/vila-cap-de-la-barra\/","og_locale":"ca_ES","og_type":"article","og_title":"Vila cap de la barra | Theonestate","og_description":"Vila cap de la barra Conoce su historia, comodidades y espacios. Contacta con nosotros para m\u00e1s informaci\u00f3n y desc\u00fabre esta magn\u00edfica propiedad.","og_url":"https:\/\/theonestate.com\/ca\/propiedad\/vila-cap-de-la-barra\/","og_site_name":"Theonestate","article_modified_time":"2026-05-28T14:34:45+00:00","og_image":[{"width":358,"height":314,"url":"https:\/\/theonestate.com\/wp-content\/uploads\/2026\/04\/Captura-de-pantalla-2026-04-24-a-las-13.04.01.png","type":"image\/png"}],"twitter_card":"summary_large_image","twitter_misc":{"Temps estimat de lectura":"2 minuts"},"schema":{"@context":"https:\/\/schema.org","@graph":[{"@type":["WebPage","RealEstateListing"],"@id":"https:\/\/theonestate.com\/ca\/propiedad\/vila-cap-de-la-barra\/","url":"https:\/\/theonestate.com\/ca\/propiedad\/vila-cap-de-la-barra\/","name":"Vila cap de la barra | Theonestate","isPartOf":{"@id":"https:\/\/theonestate.com\/#website"},"datePublished":"2026-04-29T09:25:17+00:00","dateModified":"2026-05-28T14:34:45+00:00","description":"Vila cap de la barra Conoce su historia, comodidades y espacios. Contacta con nosotros para m\u00e1s informaci\u00f3n y desc\u00fabre esta magn\u00edfica propiedad.","breadcrumb":{"@id":"https:\/\/theonestate.com\/ca\/propiedad\/vila-cap-de-la-barra\/#breadcrumb"},"inLanguage":"ca","potentialAction":[{"@type":"ReadAction","target":["https:\/\/theonestate.com\/ca\/propiedad\/vila-cap-de-la-barra\/"]}]},{"@type":"BreadcrumbList","@id":"https:\/\/theonestate.com\/ca\/propiedad\/vila-cap-de-la-barra\/#breadcrumb","itemListElement":[{"@type":"ListItem","position":1,"name":"Inici","item":"https:\/\/theonestate.com\/ca\/"},{"@type":"ListItem","position":2,"name":"Cases en venda","item":"https:\/\/theonestate.com\/ca\/propiedades\/cases-en-venda\/"},{"@type":"ListItem","position":3,"name":"Cases a prop de la platja","item":"https:\/\/theonestate.com\/ca\/propiedades\/cases-prop-la-platja-costa-brava\/"},{"@type":"ListItem","position":4,"name":"Vila cap de la barra"}]},{"@type":"WebSite","@id":"https:\/\/theonestate.com\/#website","url":"https:\/\/theonestate.com\/","name":"The On Estate","description":"Inmobiliaria de lujo en la Costa Brava (Girona, Espa\u00f1a). Venta, alquiler, gesti\u00f3n y rehabilitaci\u00f3n de propiedades exclusivas, incluyendo acceso a una colecci\u00f3n privada de propiedades off-market.","publisher":{"@id":"https:\/\/theonestate.com\/#organization"},"alternateName":"The On Estate","potentialAction":[{"@type":"SearchAction","target":{"@type":"EntryPoint","urlTemplate":"https:\/\/theonestate.com\/?s={search_term_string}"},"query-input":{"@type":"PropertyValueSpecification","valueRequired":true,"valueName":"search_term_string"}}],"inLanguage":"ca"},{"@type":"Organization","@id":"https:\/\/theonestate.com\/#organization","name":"The On Estate","url":"https:\/\/theonestate.com\/","logo":{"@type":"ImageObject","inLanguage":"ca","@id":"https:\/\/theonestate.com\/#\/schema\/logo\/image\/","url":"https:\/\/theonestate.com\/wp-content\/uploads\/2026\/01\/cropped-logotipo_theonestate-1.png","contentUrl":"https:\/\/theonestate.com\/wp-content\/uploads\/2026\/01\/cropped-logotipo_theonestate-1.png","width":500,"height":500,"caption":"The On Estate"},"image":{"@id":"https:\/\/theonestate.com\/#\/schema\/logo\/image\/"},"sameAs":["https:\/\/www.instagram.com\/the_on_estate\/","https:\/\/es.linkedin.com\/company\/the-on-estate"]}]}},"_links":{"self":[{"href":"https:\/\/theonestate.com\/ca\/wp-json\/wp\/v2\/propiedad\/7061","targetHints":{"allow":["GET"]}}],"collection":[{"href":"https:\/\/theonestate.com\/ca\/wp-json\/wp\/v2\/propiedad"}],"about":[{"href":"https:\/\/theonestate.com\/ca\/wp-json\/wp\/v2\/types\/propiedad"}],"version-history":[{"count":1,"href":"https:\/\/theonestate.com\/ca\/wp-json\/wp\/v2\/propiedad\/7061\/revisions"}],"predecessor-version":[{"id":7068,"href":"https:\/\/theonestate.com\/ca\/wp-json\/wp\/v2\/propiedad\/7061\/revisions\/7068"}],"acf:attachment":[{"embeddable":true,"href":"https:\/\/theonestate.com\/ca\/wp-json\/wp\/v2\/media\/7063"},{"embeddable":true,"href":"https:\/\/theonestate.com\/ca\/wp-json\/wp\/v2\/media\/7064"},{"embeddable":true,"href":"https:\/\/theonestate.com\/ca\/wp-json\/wp\/v2\/media\/7065"},{"embeddable":true,"href":"https:\/\/theonestate.com\/ca\/wp-json\/wp\/v2\/media\/7066"},{"embeddable":true,"href":"https:\/\/theonestate.com\/ca\/wp-json\/wp\/v2\/media\/7067"}],"wp:attachment":[{"href":"https:\/\/theonestate.com\/ca\/wp-json\/wp\/v2\/media?parent=7061"}],"wp:term":[{"taxonomy":"propiedad_categoria","embeddable":true,"href":"https:\/\/theonestate.com\/ca\/wp-json\/wp\/v2\/propiedad_categoria?post=7061"}],"curies":[{"name":"wp","href":"https:\/\/api.w.org\/{rel}","templated":true}]}}