{"id":5504,"date":"2026-02-22T12:11:13","date_gmt":"2026-02-22T11:11:13","guid":{"rendered":"https:\/\/theonestate.com\/nosaltres\/"},"modified":"2026-05-28T15:22:47","modified_gmt":"2026-05-28T13:22:47","slug":"nosaltres","status":"publish","type":"page","link":"https:\/\/theonestate.com\/ca\/nosaltres\/","title":{"rendered":"Nosaltres"},"content":{"rendered":"\n<div class=\"gbp-section gb-element-287415c8\">\n<div class=\"gb-element-75068948\"><div class=\"yoast-breadcrumbs\"><span><span><a href=\"https:\/\/theonestate.com\/ca\/\">Inici<\/a><\/span> &gt; <span class=\"breadcrumb_last\" aria-current=\"page\">Nosaltres<\/span><\/span><\/div><\/div>\n\n\n\n<figure class=\"wp-block-image size-large is-resized\"><img decoding=\"async\" width=\"1024\" height=\"576\" src=\"https:\/\/spcdn.shortpixel.ai\/spio\/ret_img,q_cdnize,to_webp,s_webp\/theonestate.com\/wp-content\/uploads\/2026\/03\/foto-composicio-nosotros-1024x576.jpg\" alt=\"\" class=\"wp-image-4526\" style=\"width:1440px;height:auto\" srcset=\"https:\/\/spcdn.shortpixel.ai\/spio\/ret_img,q_cdnize,to_webp,s_webp\/theonestate.com\/wp-content\/uploads\/2026\/03\/foto-composicio-nosotros-1024x576.jpg 1024w, https:\/\/spcdn.shortpixel.ai\/spio\/ret_img,q_cdnize,to_webp,s_webp\/theonestate.com\/wp-content\/uploads\/2026\/03\/foto-composicio-nosotros-300x169.jpg 300w, https:\/\/spcdn.shortpixel.ai\/spio\/ret_img,q_cdnize,to_webp,s_webp\/theonestate.com\/wp-content\/uploads\/2026\/03\/foto-composicio-nosotros-768x432.jpg 768w, https:\/\/spcdn.shortpixel.ai\/spio\/ret_img,q_cdnize,to_webp,s_webp\/theonestate.com\/wp-content\/uploads\/2026\/03\/foto-composicio-nosotros-1536x864.jpg 1536w, https:\/\/spcdn.shortpixel.ai\/spio\/ret_img,q_cdnize,to_webp,s_webp\/theonestate.com\/wp-content\/uploads\/2026\/03\/foto-composicio-nosotros-2048x1152.jpg 2048w\" sizes=\"(max-width: 1024px) 100vw, 1024px\" \/><\/figure>\n\n\n\n<div class=\"gb-element-1881186c\">\n<p class=\"gb-text gb-text-d4a9ab5d\"><br>A The On Estate comptem amb m\u00e9s de 50 professionals compromesos a oferir un servei impecable. El nostre equip parla diversos idiomes i reuneix perfils complementaris: nadius holandesos, belgues i francesos s&#8217;integren amb professionals locals, tots units per valors compartits. <\/p>\n<\/div>\n\n\n\n<div><\/div>\n\n\n\n<div><\/div>\n\n\n\n<div class=\"wp-block-columns is-layout-flex wp-container-core-columns-is-layout-8f761849 wp-block-columns-is-layout-flex\">\n<div class=\"wp-block-column is-layout-flow wp-block-column-is-layout-flow\" style=\"flex-basis:48%\">\n<div class=\"gb-element-53e18210\">\n<h2 class=\"gb-text gb-text-b883b04b\">ON EL LUXE ES TROBA AMB EL TERRITORI<\/h2>\n<\/div>\n<\/div>\n<\/div>\n\n\n\n<div class=\"gb-element-f05533a0\">\n<div class=\"wp-block-columns are-vertically-aligned-bottom is-layout-flex wp-container-core-columns-is-layout-8f761849 wp-block-columns-is-layout-flex\">\n<div class=\"wp-block-column is-vertically-aligned-bottom column1-service is-layout-flow wp-block-column-is-layout-flow\" style=\"flex-basis:45%\">\n<div class=\"gb-element-c82083b0\">\n<p class=\"wp-block-paragraph\"><em><strong>\u201cL&#8217;any 1972, el meu pare, Llu\u00eds Torrent, <\/strong>pioner del sector immobiliari i tur\u00edstic en la Costa Brava, i amb una gran inquietud emprenedora, va vendre la seva primera propietat a una senyora su\u00efssa, tancant el tracte a altes hores de la nit. Eran uns altres temps\u2026 <\/em><\/p>\n\n\n\n<p class=\"wp-block-paragraph\"><em>Aquesta venda va marcar l&#8217;inici d&#8217;una llarga traject\u00f2ria amb la ferma voluntat d&#8217;oferir els <strong>millors serveis immobiliaris i tur\u00edstics<\/strong> a aquells forans que comen\u00e7aven a descobrir el nostre territori. Coneixem cada rac\u00f3, cada pedra, cada ritme del paisatge del Empord\u00e0 i de la Costa Brava perqu\u00e8 vam n\u00e9ixer aqu\u00ed.  <\/em><\/p>\n\n\n\n<p class=\"wp-block-paragraph\"><em>Avui, amb The On Estate, fem un nou pas: Una marca que eleva l&#8217;experi\u00e8ncia immobili\u00e0ria a un nivell superior, sense perdre mai les arrels que ens defineixen. <strong>The On Estate neix dins del grup Ceigrup com la divisi\u00f3 especialitzada en propietats singulars i clients amb altes expectatives.<\/strong> La idea va sorgir d&#8217;una convicci\u00f3 personal molt arrelada: oferir un tracte veritablement exclusiu i sensible als qui valoren l&#8217;autenticitat i l&#8217;\u00e0nima de les propietats amb encant.<\/em><\/p>\n\n\n\n<p class=\"wp-block-paragraph\"><em>Des que em vaig iniciar en el negoci, les cases amb hist\u00f2ria, bellesa i car\u00e0cter han estat la meva feblesa&#8230; I, com tot l&#8217;important, aquest projecte pren forma amb l&#8217;ajuda inestimable de <strong>Jasper<\/strong>, company en mil batalles. Ho avalen la seva traject\u00f2ria s\u00f2lida i contrastada, la seva clara visi\u00f3 internacional i la seva ferma voluntat de sumar sempre dins del nostre equip.  <\/em><\/p>\n\n\n\n<p class=\"wp-block-paragraph\"><em>Aix\u00ed neix <strong>TheOnEstate: la uni\u00f3 d&#8217;experi\u00e8ncia, sensibilitat est\u00e8tica, coneixement del territori i una nova energia internacional.<\/strong> \u00c9s la nostra manera de respondre a un nou perfil de client: m\u00e9s global, m\u00e9s exigent i m\u00e9s connectat amb el valor del lloc. Ho fem mitjan\u00e7ant un servei refinat, \u00e0gil i profundament personalitzat. <\/em><\/p>\n\n\n\n<p class=\"wp-block-paragraph\">Fusionem el coneixement \u00edntim de la zona <em><strong>amb una visi\u00f3 contempor\u00e0nia del luxe residencial: serena, elegant i confortable.<\/strong><\/em>\u201d<\/p>\n\n\n\n<p class=\"wp-block-paragraph\"><strong><em>Esther Torrent<\/em><\/strong><\/p>\n<\/div>\n<\/div>\n\n\n\n<div class=\"wp-block-column is-layout-flow wp-block-column-is-layout-flow\"><\/div>\n\n\n\n<div class=\"wp-block-column is-vertically-aligned-bottom is-layout-flow wp-block-column-is-layout-flow\" style=\"flex-basis:45%\">\n<div class=\"wp-block-columns are-vertically-aligned-bottom is-layout-flex wp-container-core-columns-is-layout-8f761849 wp-block-columns-is-layout-flex\">\n<div class=\"wp-block-column is-vertically-aligned-bottom is-layout-flow wp-block-column-is-layout-flow\" style=\"flex-basis:100%\">\n<div class=\"gb-element-eab912aa\">\n<h2 class=\"gb-text gb-text-6a63dfbc\">Esther Torrent<\/h2>\n<\/div>\n\n\n\n<p class=\"wp-block-paragraph\">Nascuda en el Empord\u00e0, Esther representa la segona generaci\u00f3 al capdavant del negoci familiar. Les seves primeres passes, entre l&#8217;atenci\u00f3 a propietaris de segones resid\u00e8ncies i el dinamisme del lloguer tur\u00edstic, van marcar una base s\u00f2lida a la qual va sumar una etapa internacional que li va aportar una mirada fresca i auda\u00e7. El 2010 va assumir la direcci\u00f3, consolidant el seu perfil com a Agent de la Propietat Immobili\u00e0ria i completant la seva formaci\u00f3 amb el Programa de Direcci\u00f3 General de IESE. Avui, amb TheOnEstate, materialitza una visi\u00f3 global i estrat\u00e8gica que combina arrels familiars, profund coneixement local i una gesti\u00f3 contempor\u00e0nia del luxe.   <\/p>\n<\/div>\n\n\n\n<div class=\"wp-block-column is-layout-flow wp-block-column-is-layout-flow\"><\/div>\n\n\n\n<div class=\"wp-block-column is-vertically-aligned-bottom is-layout-flow wp-block-column-is-layout-flow\" style=\"flex-basis:100%\">\n<div class=\"gb-element-93a6f10c\">\n<h2 class=\"gb-text gb-text-4259ee3a\">Jasper Koot<\/h2>\n<\/div>\n\n\n\n<p class=\"wp-block-paragraph\">Nacido en Holanda y afincado en la zona desde 1991. Amb un marcat perfil internacional, Jasper va iniciar la seva carrera en el sector de l&#8217;hostaleria, on va desenvolupar un profund coneixement del servei al client, una depurada hospitalitat i una sensibilitat especial cap a l&#8217;excel\u00b7l\u00e8ncia i el detall. Des del 2003, ha consolidat el seu cam\u00ed en el sector immobiliari, aportant una visi\u00f3 global i una capacitat \u00fanica per a comprendre les necessitats el nostre client. Pol\u00edglota \u2014domina cinc idiomes\u2014, Jasper combina professionalitat i proximitat, facilitant una experi\u00e8ncia fluida i personalitzada. Apassionat de la vela, la gastronomia local i el temps en fam\u00edlia, ha trobat a l&#8217;Empord\u00e0 l&#8217;equilibri perfecte entre estil de vida i professi\u00f3. Des d&#8217;aqu\u00ed, impulsa un concepte exclusiu de soft landing, basat en la confian\u00e7a, la calidesa i un servei impecable.     <\/p>\n<\/div>\n<\/div>\n<\/div>\n<\/div>\n<\/div>\n\n\n\n<div class=\"gb-element-d6a8efb6\">\n<figure class=\"wp-block-embed is-type-video is-provider-youtube wp-block-embed-youtube wp-embed-aspect-16-9 wp-has-aspect-ratio\"><div class=\"wp-block-embed__wrapper\">\n<iframe title=\"Luxury Real Estate &amp; property management in Costa Brava. Hospitality &amp; Lifestyle Services.\" width=\"1200\" height=\"675\" src=\"https:\/\/www.youtube.com\/embed\/0wcG_ujvdRE?feature=oembed\" frameborder=\"0\" allow=\"accelerometer; autoplay; clipboard-write; encrypted-media; gyroscope; picture-in-picture; web-share\" referrerpolicy=\"strict-origin-when-cross-origin\" allowfullscreen><\/iframe>\n<\/div><\/figure>\n<\/div>\n<\/div>\n\n<div class=\"services-section gb-element-1dcb2fe8\">\n<div class=\"gb-element-591f02bf\">\n<div class=\"gb-element-949d3517\">\n<h2 class=\"gb-text gb-text-36ef5858\">Els nostres serveis<\/h2>\n\n\n\n<h2 class=\"gb-text gb-text-b2342ea5\">on<\/h2>\n<\/div>\n\n\n\n<div class=\"gb-carousel site-carousel services-carousel gb-carousel-907b5b71\" data-space-between=\"0px\" data-pagination-clickable=\"false\" data-pagination-type=\"bullets\" data-slides-per-view=\"6\" data-autoplay-stop-on-last-slide=\"true\" data-carousel-id=\"907b5b71\">\n<div class=\"gb-carousel-items\">\n<div class=\"gb-carousel-item gb-carousel-item-35eb325f\">\n<a class=\"item gb-element-a352d12c\" href=\"https:\/\/theonestate.com\/servicios\/asesoria-inmobiliaria-costa-brava-the-on-estate\/\">\n<div class=\"gb-element-219bee18\">\n<img decoding=\"async\" class=\"gb-media-86b41a23\" alt=\"\" title=\"icon-hand\" src=\"https:\/\/spcdn.shortpixel.ai\/spio\/ret_img,q_cdnize,to_webp,s_webp\/theonestate.com\/wp-content\/uploads\/2026\/02\/icon-hand.svg\"\/>\n<\/div>\n\n\n\n<h3 class=\"gb-text gb-text-d73efb7f\">Assessoria Immobili\u00e0ria<\/h3>\n<\/a>\n<\/div>\n\n\n\n<div class=\"gb-carousel-item gb-carousel-item-e159218a\">\n<a class=\"item gb-element-2622c119\" href=\"https:\/\/theonestate.com\/servicios\/gestion-de-propiedades-costa-brava-the-on-estate\/\">\n<div class=\"gb-element-9efd057e\">\n<img decoding=\"async\" class=\"gb-media-ec4e4a7d\" alt=\"\" title=\"icon-keys\" src=\"https:\/\/spcdn.shortpixel.ai\/spio\/ret_img,q_cdnize,to_webp,s_webp\/theonestate.com\/wp-content\/uploads\/2026\/02\/icon-keys.svg\"\/>\n<\/div>\n\n\n\n<h3 class=\"gb-text gb-text-25da94cc\">GESTI\u00d3 DE<br>PROPIETATS<\/h3>\n<\/a>\n<\/div>\n\n\n\n<div class=\"gb-carousel-item gb-carousel-item-bf85974e\">\n<a class=\"item gb-element-4b22550d\" href=\"https:\/\/theonestate.com\/servicios\/venta-y-alquiler-de-propiedades-costa-brava-the-on-estate\/\">\n<div class=\"gb-element-d78a6614\">\n<img decoding=\"async\" class=\"gb-media-874412ea\" alt=\"\" title=\"icon-mansion\" src=\"https:\/\/spcdn.shortpixel.ai\/spio\/ret_img,q_cdnize,to_webp,s_webp\/theonestate.com\/wp-content\/uploads\/2026\/02\/icon-mansion.svg\"\/>\n<\/div>\n\n\n\n<h3 class=\"gb-text gb-text-954f3548\">LLOGUER I VENDA<br>DE PROPIETATS<\/h3>\n<\/a>\n<\/div>\n\n\n\n<div class=\"gb-carousel-item gb-carousel-item-573c2358\">\n<a class=\"gb-element-4b765107\" href=\"https:\/\/theonestate.com\/concierge-costa-brava\/\">\n<div class=\"gb-element-ec10364f\">\n<img decoding=\"async\" class=\"gb-media-1a83951d\" alt=\"\" title=\"icon-bell\" src=\"https:\/\/spcdn.shortpixel.ai\/spio\/ret_img,q_cdnize,to_webp,s_webp\/theonestate.com\/wp-content\/uploads\/2026\/02\/icon-bell.svg\"\/>\n<\/div>\n\n\n\n<h3 class=\"gb-text gb-text-67411e4d\">HOSPITALITY I SERVEIS DE LIFESTYLE<\/h3>\n<\/a>\n<\/div>\n\n\n\n<div class=\"gb-carousel-item gb-carousel-item-cd33afba\">\n<a class=\"item gb-element-88a113db\" href=\"https:\/\/theonestate.com\/servicios\/rehabilitacion-y-reformas-de-propiedades-costa-brava-the-on-estate\/\">\n<div class=\"gb-element-d8dd05fa\">\n<img decoding=\"async\" class=\"gb-media-eb76357d\" alt=\"\" title=\"icon-tools\" src=\"https:\/\/spcdn.shortpixel.ai\/spio\/ret_img,q_cdnize,to_webp,s_webp\/theonestate.com\/wp-content\/uploads\/2026\/02\/icon-tools.svg\"\/>\n<\/div>\n\n\n\n<h3 class=\"gb-text gb-text-38bd1040\"><strong><strong>REHABILITACI\u00d3 I DISSENY&nbsp;<\/strong><\/strong><\/h3>\n<\/a>\n<\/div>\n\n\n\n<div class=\"gb-carousel-item gb-carousel-item-31c6852e\">\n<a class=\"item gb-element-3e4f0550\" href=\"https:\/\/theonestate.com\/servicios\/administracion-y-gestion-inmobiliaria-costa-brava\/\">\n<div class=\"gb-element-77b7a56c\">\n<img decoding=\"async\" class=\"gb-media-24718179\" alt=\"\" title=\"ico-typewriter\" src=\"https:\/\/spcdn.shortpixel.ai\/spio\/ret_img,q_cdnize,to_webp,s_webp\/theonestate.com\/wp-content\/uploads\/2026\/02\/ico-typewriter.svg\"\/>\n<\/div>\n\n\n\n<h3 class=\"gb-text gb-text-44747871\"><strong>ADMINISTRACI\u00d3N&nbsp;<\/strong><br><strong>Y GESTI\u00d3N&nbsp;<\/strong><\/h3>\n<\/a>\n<\/div>\n<\/div>\n\n\n\n<div class=\"gb-element-077f999a\">\n<button aria-label=\"Previous slide\" class=\"gb-carousel-control gb-carousel-control-91eacd33 gb-carousel-control--previous\" data-carousel-control=\"prev\"><span class=\"gb-carousel-control-icon\"><svg viewBox=\"0 0 256 256\" fill=\"currentColor\"><path d=\"M165.66,202.34a8,8,0,0,1-11.32,11.32l-80-80a8,8,0,0,1,0-11.32l80-80a8,8,0,0,1,11.32,11.32L91.31,128Z\"><\/path><\/svg><\/span><\/button>\n\n\n\n<button aria-label=\"Next slide\" class=\"gb-carousel-control gb-carousel-control-9818b405 gb-carousel-control--next\" data-carousel-control=\"next\"><span class=\"gb-carousel-control-icon\"><svg viewBox=\"0 0 256 256\" fill=\"currentColor\"><path d=\"M181.66,133.66l-80,80a8,8,0,0,1-11.32-11.32L164.69,128,90.34,53.66a8,8,0,0,1,11.32-11.32l80,80A8,8,0,0,1,181.66,133.66Z\"><\/path><\/svg><\/span><\/button>\n<\/div>\n<\/div>\n<\/div>\n<\/div>\n\n<div class=\"downloads-block gb-element-929e924b\">\n<div class=\"gb-element-9aaf96d4\">\n<div class=\"gb-carousel site-carousel gb-carousel-bb95c0e4\" data-space-between=\"34px\" data-slides-per-view=\"2\" data-loop=\"true\" data-carousel-id=\"bb95c0e4\">\n<div class=\"gb-carousel-items\">\n<div class=\"gb-carousel-item gb-carousel-item-4a886367 popmake-2980\">\n<div class=\"popmake-2980 gb-element-cf79473d\">\n<h3 class=\"gb-text gb-text-0101ff25\">DESCARREGAR<\/h3>\n\n\n\n<div class=\"gb-element-842870d3\">\n<p class=\"gb-text gb-text-fed65881\">Tot el que has de saber per comprar una propietat exclusiva a la Costa Brava.<\/p>\n\n\n\n<p class=\"gb-text gb-text-25545b38\">On<\/p>\n<\/div>\n<\/div>\n<\/div>\n\n\n\n<div class=\"gb-carousel-item gb-carousel-item-731228a6 popmake-2991\">\n<div class=\"popmake-2991 gb-element-c6af9783\">\n<h3 class=\"gb-text gb-text-165c0289\">DESCARREGAR<\/h3>\n\n\n\n<div class=\"gb-element-c3ef1be5\">\n<p class=\"gb-text gb-text-f533651a\">Com planificar la meva<br\/>tranquil\u00b7litat i tenir<br\/>pau mental durant les meves vacances<br\/>a la Costa Brava.<\/p>\n\n\n\n<p class=\"gb-text gb-text-b1a93ab3\">On<\/p>\n<\/div>\n<\/div>\n<\/div>\n\n\n<\/div>\n\n\n<\/div>\n<\/div>\n<\/div>\n","protected":false},"excerpt":{"rendered":"<p>A The On Estate comptem amb m\u00e9s de 50 professionals compromesos a oferir un servei impecable. El nostre equip parla diversos idiomes i reuneix perfils complementaris: nadius holandesos, belgues i francesos s&#8217;integren amb professionals locals, tots units per valors compartits. ON EL LUXE ES TROBA AMB EL TERRITORI \u201cL&#8217;any 1972, el meu pare, Llu\u00eds Torrent, &#8230; <a title=\"Nosaltres\" class=\"read-more\" href=\"https:\/\/theonestate.com\/ca\/nosaltres\/\" aria-label=\"M\u00e9s informaci\u00f3 sobre Nosaltres\">Llegiu m\u00e9s<\/a><\/p>\n","protected":false},"author":1,"featured_media":0,"parent":0,"menu_order":0,"comment_status":"closed","ping_status":"closed","template":"","meta":{"_acf_changed":false,"footnotes":""},"class_list":["post-5504","page","type-page","status-publish"],"acf":[],"yoast_head":"<!-- This site is optimized with the Yoast SEO plugin v28.3 - https:\/\/yoast.com\/product\/yoast-seo-wordpress\/ -->\n<title>Esther Torrent | CEO The On Estate Costa Brava<\/title>\n<meta name=\"description\" content=\"Esther Torrent, CEO de The On Estate en la Costa Brava. Especialitzada en real estigues, propietats exclusives i gesti\u00f3 integral.\" \/>\n<meta name=\"robots\" content=\"index, follow, max-snippet:-1, max-image-preview:large, max-video-preview:-1\" \/>\n<link rel=\"canonical\" href=\"https:\/\/theonestate.com\/ca\/nosaltres\/\" \/>\n<meta property=\"og:locale\" content=\"ca_ES\" \/>\n<meta property=\"og:type\" content=\"article\" \/>\n<meta property=\"og:title\" content=\"Esther Torrent | CEO The On Estate Costa Brava\" \/>\n<meta property=\"og:description\" content=\"Esther Torrent, CEO de The On Estate en la Costa Brava. Especialitzada en real estigues, propietats exclusives i gesti\u00f3 integral.\" \/>\n<meta property=\"og:url\" content=\"https:\/\/theonestate.com\/ca\/nosaltres\/\" \/>\n<meta property=\"og:site_name\" content=\"Theonestate\" \/>\n<meta property=\"article:modified_time\" content=\"2026-05-28T13:22:47+00:00\" \/>\n<meta property=\"og:image\" content=\"https:\/\/theonestate.com\/wp-content\/uploads\/2026\/03\/foto-composicio-nosotros-scaled.jpg\" \/>\n\t<meta property=\"og:image:width\" content=\"2560\" \/>\n\t<meta property=\"og:image:height\" content=\"1440\" \/>\n\t<meta property=\"og:image:type\" content=\"image\/jpeg\" \/>\n<meta name=\"twitter:card\" content=\"summary_large_image\" \/>\n<meta name=\"twitter:label1\" content=\"Temps estimat de lectura\" \/>\n\t<meta name=\"twitter:data1\" content=\"3 minuts\" \/>\n<script type=\"application\/ld+json\" class=\"yoast-schema-graph\">{\"@context\":\"https:\\\/\\\/schema.org\",\"@graph\":[{\"@type\":\"WebPage\",\"@id\":\"https:\\\/\\\/theonestate.com\\\/ca\\\/nosaltres\\\/\",\"url\":\"https:\\\/\\\/theonestate.com\\\/ca\\\/nosaltres\\\/\",\"name\":\"Esther Torrent | CEO The On Estate Costa Brava\",\"isPartOf\":{\"@id\":\"https:\\\/\\\/theonestate.com\\\/#website\"},\"primaryImageOfPage\":{\"@id\":\"https:\\\/\\\/theonestate.com\\\/ca\\\/nosaltres\\\/#primaryimage\"},\"image\":{\"@id\":\"https:\\\/\\\/theonestate.com\\\/ca\\\/nosaltres\\\/#primaryimage\"},\"thumbnailUrl\":\"https:\\\/\\\/theonestate.com\\\/wp-content\\\/uploads\\\/2026\\\/03\\\/foto-composicio-nosotros-1024x576.jpg\",\"datePublished\":\"2026-02-22T11:11:13+00:00\",\"dateModified\":\"2026-05-28T13:22:47+00:00\",\"description\":\"Esther Torrent, CEO de The On Estate en la Costa Brava. Especialitzada en real estigues, propietats exclusives i gesti\u00f3 integral.\",\"breadcrumb\":{\"@id\":\"https:\\\/\\\/theonestate.com\\\/ca\\\/nosaltres\\\/#breadcrumb\"},\"inLanguage\":\"ca\",\"potentialAction\":[{\"@type\":\"ReadAction\",\"target\":[\"https:\\\/\\\/theonestate.com\\\/ca\\\/nosaltres\\\/\"]}]},{\"@type\":\"ImageObject\",\"inLanguage\":\"ca\",\"@id\":\"https:\\\/\\\/theonestate.com\\\/ca\\\/nosaltres\\\/#primaryimage\",\"url\":\"https:\\\/\\\/theonestate.com\\\/wp-content\\\/uploads\\\/2026\\\/03\\\/foto-composicio-nosotros-1024x576.jpg\",\"contentUrl\":\"https:\\\/\\\/theonestate.com\\\/wp-content\\\/uploads\\\/2026\\\/03\\\/foto-composicio-nosotros-1024x576.jpg\"},{\"@type\":\"BreadcrumbList\",\"@id\":\"https:\\\/\\\/theonestate.com\\\/ca\\\/nosaltres\\\/#breadcrumb\",\"itemListElement\":[{\"@type\":\"ListItem\",\"position\":1,\"name\":\"Inici\",\"item\":\"https:\\\/\\\/theonestate.com\\\/ca\\\/\"},{\"@type\":\"ListItem\",\"position\":2,\"name\":\"Nosaltres\"}]},{\"@type\":\"WebSite\",\"@id\":\"https:\\\/\\\/theonestate.com\\\/#website\",\"url\":\"https:\\\/\\\/theonestate.com\\\/\",\"name\":\"The On Estate\",\"description\":\"Inmobiliaria de lujo en la Costa Brava (Girona, Espa\u00f1a). Venta, alquiler, gesti\u00f3n y rehabilitaci\u00f3n de propiedades exclusivas, incluyendo acceso a una colecci\u00f3n privada de propiedades off-market.\",\"publisher\":{\"@id\":\"https:\\\/\\\/theonestate.com\\\/#organization\"},\"alternateName\":\"The On Estate\",\"potentialAction\":[{\"@type\":\"SearchAction\",\"target\":{\"@type\":\"EntryPoint\",\"urlTemplate\":\"https:\\\/\\\/theonestate.com\\\/?s={search_term_string}\"},\"query-input\":{\"@type\":\"PropertyValueSpecification\",\"valueRequired\":true,\"valueName\":\"search_term_string\"}}],\"inLanguage\":\"ca\"},{\"@type\":\"Organization\",\"@id\":\"https:\\\/\\\/theonestate.com\\\/#organization\",\"name\":\"The On Estate\",\"url\":\"https:\\\/\\\/theonestate.com\\\/\",\"logo\":{\"@type\":\"ImageObject\",\"inLanguage\":\"ca\",\"@id\":\"https:\\\/\\\/theonestate.com\\\/#\\\/schema\\\/logo\\\/image\\\/\",\"url\":\"https:\\\/\\\/theonestate.com\\\/wp-content\\\/uploads\\\/2026\\\/01\\\/cropped-logotipo_theonestate-1.png\",\"contentUrl\":\"https:\\\/\\\/theonestate.com\\\/wp-content\\\/uploads\\\/2026\\\/01\\\/cropped-logotipo_theonestate-1.png\",\"width\":500,\"height\":500,\"caption\":\"The On Estate\"},\"image\":{\"@id\":\"https:\\\/\\\/theonestate.com\\\/#\\\/schema\\\/logo\\\/image\\\/\"},\"sameAs\":[\"https:\\\/\\\/www.instagram.com\\\/the_on_estate\\\/\",\"https:\\\/\\\/es.linkedin.com\\\/company\\\/the-on-estate\"]}]}<\/script>\n<!-- \/ Yoast SEO plugin. -->","yoast_head_json":{"title":"Esther Torrent | CEO The On Estate Costa Brava","description":"Esther Torrent, CEO de The On Estate en la Costa Brava. Especialitzada en real estigues, propietats exclusives i gesti\u00f3 integral.","robots":{"index":"index","follow":"follow","max-snippet":"max-snippet:-1","max-image-preview":"max-image-preview:large","max-video-preview":"max-video-preview:-1"},"canonical":"https:\/\/theonestate.com\/ca\/nosaltres\/","og_locale":"ca_ES","og_type":"article","og_title":"Esther Torrent | CEO The On Estate Costa Brava","og_description":"Esther Torrent, CEO de The On Estate en la Costa Brava. Especialitzada en real estigues, propietats exclusives i gesti\u00f3 integral.","og_url":"https:\/\/theonestate.com\/ca\/nosaltres\/","og_site_name":"Theonestate","article_modified_time":"2026-05-28T13:22:47+00:00","og_image":[{"width":2560,"height":1440,"url":"https:\/\/theonestate.com\/wp-content\/uploads\/2026\/03\/foto-composicio-nosotros-scaled.jpg","type":"image\/jpeg"}],"twitter_card":"summary_large_image","twitter_misc":{"Temps estimat de lectura":"3 minuts"},"schema":{"@context":"https:\/\/schema.org","@graph":[{"@type":"WebPage","@id":"https:\/\/theonestate.com\/ca\/nosaltres\/","url":"https:\/\/theonestate.com\/ca\/nosaltres\/","name":"Esther Torrent | CEO The On Estate Costa Brava","isPartOf":{"@id":"https:\/\/theonestate.com\/#website"},"primaryImageOfPage":{"@id":"https:\/\/theonestate.com\/ca\/nosaltres\/#primaryimage"},"image":{"@id":"https:\/\/theonestate.com\/ca\/nosaltres\/#primaryimage"},"thumbnailUrl":"https:\/\/theonestate.com\/wp-content\/uploads\/2026\/03\/foto-composicio-nosotros-1024x576.jpg","datePublished":"2026-02-22T11:11:13+00:00","dateModified":"2026-05-28T13:22:47+00:00","description":"Esther Torrent, CEO de The On Estate en la Costa Brava. Especialitzada en real estigues, propietats exclusives i gesti\u00f3 integral.","breadcrumb":{"@id":"https:\/\/theonestate.com\/ca\/nosaltres\/#breadcrumb"},"inLanguage":"ca","potentialAction":[{"@type":"ReadAction","target":["https:\/\/theonestate.com\/ca\/nosaltres\/"]}]},{"@type":"ImageObject","inLanguage":"ca","@id":"https:\/\/theonestate.com\/ca\/nosaltres\/#primaryimage","url":"https:\/\/theonestate.com\/wp-content\/uploads\/2026\/03\/foto-composicio-nosotros-1024x576.jpg","contentUrl":"https:\/\/theonestate.com\/wp-content\/uploads\/2026\/03\/foto-composicio-nosotros-1024x576.jpg"},{"@type":"BreadcrumbList","@id":"https:\/\/theonestate.com\/ca\/nosaltres\/#breadcrumb","itemListElement":[{"@type":"ListItem","position":1,"name":"Inici","item":"https:\/\/theonestate.com\/ca\/"},{"@type":"ListItem","position":2,"name":"Nosaltres"}]},{"@type":"WebSite","@id":"https:\/\/theonestate.com\/#website","url":"https:\/\/theonestate.com\/","name":"The On Estate","description":"Inmobiliaria de lujo en la Costa Brava (Girona, Espa\u00f1a). Venta, alquiler, gesti\u00f3n y rehabilitaci\u00f3n de propiedades exclusivas, incluyendo acceso a una colecci\u00f3n privada de propiedades off-market.","publisher":{"@id":"https:\/\/theonestate.com\/#organization"},"alternateName":"The On Estate","potentialAction":[{"@type":"SearchAction","target":{"@type":"EntryPoint","urlTemplate":"https:\/\/theonestate.com\/?s={search_term_string}"},"query-input":{"@type":"PropertyValueSpecification","valueRequired":true,"valueName":"search_term_string"}}],"inLanguage":"ca"},{"@type":"Organization","@id":"https:\/\/theonestate.com\/#organization","name":"The On Estate","url":"https:\/\/theonestate.com\/","logo":{"@type":"ImageObject","inLanguage":"ca","@id":"https:\/\/theonestate.com\/#\/schema\/logo\/image\/","url":"https:\/\/theonestate.com\/wp-content\/uploads\/2026\/01\/cropped-logotipo_theonestate-1.png","contentUrl":"https:\/\/theonestate.com\/wp-content\/uploads\/2026\/01\/cropped-logotipo_theonestate-1.png","width":500,"height":500,"caption":"The On Estate"},"image":{"@id":"https:\/\/theonestate.com\/#\/schema\/logo\/image\/"},"sameAs":["https:\/\/www.instagram.com\/the_on_estate\/","https:\/\/es.linkedin.com\/company\/the-on-estate"]}]}},"_links":{"self":[{"href":"https:\/\/theonestate.com\/ca\/wp-json\/wp\/v2\/pages\/5504","targetHints":{"allow":["GET"]}}],"collection":[{"href":"https:\/\/theonestate.com\/ca\/wp-json\/wp\/v2\/pages"}],"about":[{"href":"https:\/\/theonestate.com\/ca\/wp-json\/wp\/v2\/types\/page"}],"author":[{"embeddable":true,"href":"https:\/\/theonestate.com\/ca\/wp-json\/wp\/v2\/users\/1"}],"replies":[{"embeddable":true,"href":"https:\/\/theonestate.com\/ca\/wp-json\/wp\/v2\/comments?post=5504"}],"version-history":[{"count":5,"href":"https:\/\/theonestate.com\/ca\/wp-json\/wp\/v2\/pages\/5504\/revisions"}],"predecessor-version":[{"id":6913,"href":"https:\/\/theonestate.com\/ca\/wp-json\/wp\/v2\/pages\/5504\/revisions\/6913"}],"wp:attachment":[{"href":"https:\/\/theonestate.com\/ca\/wp-json\/wp\/v2\/media?parent=5504"}],"curies":[{"name":"wp","href":"https:\/\/api.w.org\/{rel}","templated":true}]}}